{"id":2968,"date":"2026-05-02T21:55:15","date_gmt":"2026-05-02T18:55:15","guid":{"rendered":"https:\/\/www.kureselmuhendislik.com\/?page_id=2968"},"modified":"2026-05-02T21:59:19","modified_gmt":"2026-05-02T18:59:19","slug":"izmir-airfel-klima-satis-montaj","status":"publish","type":"page","link":"https:\/\/www.kureselmuhendislik.com\/en\/izmir-airfel-klima-satis-montaj\/","title":{"rendered":"\u0130zmir Airfel Klima Sat\u0131\u015f &#038; Montaj"},"content":{"rendered":"<div data-elementor-type=\"wp-page\" data-elementor-id=\"2968\" class=\"elementor elementor-2968\">\n\t\t\t\t\t\t<section class=\"elementor-section elementor-top-section elementor-element elementor-element-f616e00 elementor-section-boxed elementor-section-height-default elementor-section-height-default\" data-id=\"f616e00\" data-element_type=\"section\" data-e-type=\"section\">\n\t\t\t\t\t\t<div class=\"elementor-container elementor-column-gap-default\">\n\t\t\t\t\t<div class=\"elementor-column elementor-col-100 elementor-top-column elementor-element elementor-element-f4754f9\" data-id=\"f4754f9\" data-element_type=\"column\" data-e-type=\"column\">\n\t\t\t<div class=\"elementor-widget-wrap elementor-element-populated\">\n\t\t\t\t\t\t<div class=\"elementor-element elementor-element-bfaebde elementor-widget elementor-widget-image\" data-id=\"bfaebde\" data-element_type=\"widget\" data-e-type=\"widget\" data-widget_type=\"image.default\">\n\t\t\t\t<div class=\"elementor-widget-container\">\n\t\t\t\t\t\t\t\t\t\t\t\t\t\t\t\t<a href=\"https:\/\/www.kureselmuhendislik.com\/wp-content\/uploads\/2026\/04\/Airfel-bayi-Izmir-kuresel-Mekanik-0232-250-50-07.webp\" data-elementor-open-lightbox=\"yes\" data-elementor-lightbox-title=\"Airfel bayi \u0130zmir k\u00fcresel Mekanik 0232 250 50 07\" data-e-action-hash=\"#elementor-action%3Aaction%3Dlightbox%26settings%3DeyJpZCI6Mjg4NywidXJsIjoiaHR0cHM6XC9cL3d3dy5rdXJlc2VsbXVoZW5kaXNsaWsuY29tXC93cC1jb250ZW50XC91cGxvYWRzXC8yMDI2XC8wNFwvQWlyZmVsLWJheWktSXptaXIta3VyZXNlbC1NZWthbmlrLTAyMzItMjUwLTUwLTA3LndlYnAifQ%3D%3D\">\n\t\t\t\t\t\t\t<img fetchpriority=\"high\" decoding=\"async\" width=\"1440\" height=\"648\" src=\"https:\/\/www.kureselmuhendislik.com\/wp-content\/uploads\/2026\/04\/Airfel-bayi-Izmir-kuresel-Mekanik-0232-250-50-07.webp\" class=\"attachment-full size-full wp-image-2887\" alt=\"\" srcset=\"https:\/\/www.kureselmuhendislik.com\/wp-content\/uploads\/2026\/04\/Airfel-bayi-Izmir-kuresel-Mekanik-0232-250-50-07.webp 1440w, https:\/\/www.kureselmuhendislik.com\/wp-content\/uploads\/2026\/04\/Airfel-bayi-Izmir-kuresel-Mekanik-0232-250-50-07-300x135.webp 300w, https:\/\/www.kureselmuhendislik.com\/wp-content\/uploads\/2026\/04\/Airfel-bayi-Izmir-kuresel-Mekanik-0232-250-50-07-1024x461.webp 1024w, https:\/\/www.kureselmuhendislik.com\/wp-content\/uploads\/2026\/04\/Airfel-bayi-Izmir-kuresel-Mekanik-0232-250-50-07-768x346.webp 768w, https:\/\/www.kureselmuhendislik.com\/wp-content\/uploads\/2026\/04\/Airfel-bayi-Izmir-kuresel-Mekanik-0232-250-50-07-18x8.webp 18w\" sizes=\"(max-width: 1440px) 100vw, 1440px\" \/>\t\t\t\t\t\t\t\t<\/a>\n\t\t\t\t\t\t\t\t\t\t\t\t\t\t\t<\/div>\n\t\t\t\t<\/div>\n\t\t\t\t\t<\/div>\n\t\t<\/div>\n\t\t\t\t\t<\/div>\n\t\t<\/section>\n\t\t\t\t<section class=\"elementor-section elementor-top-section elementor-element elementor-element-cf96c50 elementor-section-boxed elementor-section-height-default elementor-section-height-default\" data-id=\"cf96c50\" data-element_type=\"section\" data-e-type=\"section\">\n\t\t\t\t\t\t<div class=\"elementor-container elementor-column-gap-default\">\n\t\t\t\t\t<div class=\"elementor-column elementor-col-33 elementor-top-column elementor-element elementor-element-6bb48c8\" data-id=\"6bb48c8\" data-element_type=\"column\" data-e-type=\"column\">\n\t\t\t<div class=\"elementor-widget-wrap elementor-element-populated\">\n\t\t\t\t\t\t<div class=\"elementor-element elementor-element-0904a70 elementor-widget elementor-widget-text-editor\" data-id=\"0904a70\" data-element_type=\"widget\" data-e-type=\"widget\" data-widget_type=\"text-editor.default\">\n\t\t\t\t<div class=\"elementor-widget-container\">\n\t\t\t\t\t\t\t\t\t<h3 data-section-id=\"1kt7dd\" data-start=\"1097\" data-end=\"1121\">\u00dcr\u00fcnler\u00a0<\/h3><p data-start=\"1122\" data-end=\"1188\"><strong data-start=\"1122\" data-end=\"1140\">9000 BTU Klima<\/strong><br data-start=\"1140\" data-end=\"1143\" \/>K\u00fc\u00e7\u00fck alanlar i\u00e7in ideal<\/p><p data-start=\"1190\" data-end=\"1259\"><strong data-start=\"1190\" data-end=\"1209\">12000 BTU Klima<\/strong><br data-start=\"1209\" data-end=\"1212\" \/>En \u00e7ok tercih edilen model<\/p><p data-start=\"1261\" data-end=\"1336\"><strong data-start=\"1261\" data-end=\"1280\">18000 BTU Klima<\/strong><br data-start=\"1280\" data-end=\"1283\" \/>B\u00fcy\u00fck alanlar i\u00e7in g\u00fc\u00e7l\u00fc \u00e7\u00f6z\u00fcm<br data-start=\"1313\" data-end=\"1316\" \/><br \/><\/p>\t\t\t\t\t\t\t\t<\/div>\n\t\t\t\t<\/div>\n\t\t\t\t<div class=\"elementor-element elementor-element-7316c74 elementor-widget elementor-widget-text-editor\" data-id=\"7316c74\" data-element_type=\"widget\" data-e-type=\"widget\" data-widget_type=\"text-editor.default\">\n\t\t\t\t<div class=\"elementor-widget-container\">\n\t\t\t\t\t\t\t\t\t<p>\u00a0\u2714 2 g\u00fcnde montaj<br data-start=\"1022\" data-end=\"1025\" \/>\u2714 Orijinal Airfel \u00fcr\u00fcnleri<br data-start=\"1051\" data-end=\"1054\" \/>\u2714 5 y\u0131l garanti<br data-start=\"1069\" data-end=\"1072\" \/>\u2714 Daikin servis garantisi<\/p>\t\t\t\t\t\t\t\t<\/div>\n\t\t\t\t<\/div>\n\t\t\t\t\t<\/div>\n\t\t<\/div>\n\t\t\t\t<div class=\"elementor-column elementor-col-33 elementor-top-column elementor-element elementor-element-426701b\" data-id=\"426701b\" data-element_type=\"column\" data-e-type=\"column\">\n\t\t\t<div class=\"elementor-widget-wrap elementor-element-populated\">\n\t\t\t\t\t\t<div class=\"elementor-element elementor-element-75fc6d9 elementor-widget elementor-widget-image\" data-id=\"75fc6d9\" data-element_type=\"widget\" data-e-type=\"widget\" data-widget_type=\"image.default\">\n\t\t\t\t<div class=\"elementor-widget-container\">\n\t\t\t\t\t\t\t\t\t\t\t\t\t\t\t\t<a href=\"https:\/\/www.kureselmuhendislik.com\/wp-content\/uploads\/2026\/05\/Izmir-klima-Airfel-klima-Izmir-klima-montaj-Izmir-kuresel-mghendislik-0232-250-50-07.jpg\" data-elementor-open-lightbox=\"yes\" data-elementor-lightbox-title=\"\u0130zmir klima, Airfel klima \u0130zmir, klima montaj \u0130zmir k\u00fcresel m\u011fhendislik 0232 250 50 07\" data-e-action-hash=\"#elementor-action%3Aaction%3Dlightbox%26settings%3DeyJpZCI6Mjk3MCwidXJsIjoiaHR0cHM6XC9cL3d3dy5rdXJlc2VsbXVoZW5kaXNsaWsuY29tXC93cC1jb250ZW50XC91cGxvYWRzXC8yMDI2XC8wNVwvSXptaXIta2xpbWEtQWlyZmVsLWtsaW1hLUl6bWlyLWtsaW1hLW1vbnRhai1Jem1pci1rdXJlc2VsLW1naGVuZGlzbGlrLTAyMzItMjUwLTUwLTA3LmpwZyJ9\">\n\t\t\t\t\t\t\t<img decoding=\"async\" width=\"1024\" height=\"1024\" src=\"https:\/\/www.kureselmuhendislik.com\/wp-content\/uploads\/2026\/05\/Izmir-klima-Airfel-klima-Izmir-klima-montaj-Izmir-kuresel-mghendislik-0232-250-50-07-1024x1024.jpg\" class=\"attachment-large size-large wp-image-2970\" alt=\"\" srcset=\"https:\/\/www.kureselmuhendislik.com\/wp-content\/uploads\/2026\/05\/Izmir-klima-Airfel-klima-Izmir-klima-montaj-Izmir-kuresel-mghendislik-0232-250-50-07-1024x1024.jpg 1024w, https:\/\/www.kureselmuhendislik.com\/wp-content\/uploads\/2026\/05\/Izmir-klima-Airfel-klima-Izmir-klima-montaj-Izmir-kuresel-mghendislik-0232-250-50-07-300x300.jpg 300w, https:\/\/www.kureselmuhendislik.com\/wp-content\/uploads\/2026\/05\/Izmir-klima-Airfel-klima-Izmir-klima-montaj-Izmir-kuresel-mghendislik-0232-250-50-07-150x150.jpg 150w, https:\/\/www.kureselmuhendislik.com\/wp-content\/uploads\/2026\/05\/Izmir-klima-Airfel-klima-Izmir-klima-montaj-Izmir-kuresel-mghendislik-0232-250-50-07-768x768.jpg 768w, https:\/\/www.kureselmuhendislik.com\/wp-content\/uploads\/2026\/05\/Izmir-klima-Airfel-klima-Izmir-klima-montaj-Izmir-kuresel-mghendislik-0232-250-50-07-12x12.jpg 12w, https:\/\/www.kureselmuhendislik.com\/wp-content\/uploads\/2026\/05\/Izmir-klima-Airfel-klima-Izmir-klima-montaj-Izmir-kuresel-mghendislik-0232-250-50-07.jpg 1080w\" sizes=\"(max-width: 1024px) 100vw, 1024px\" \/>\t\t\t\t\t\t\t\t<\/a>\n\t\t\t\t\t\t\t\t\t\t\t\t\t\t\t<\/div>\n\t\t\t\t<\/div>\n\t\t\t\t\t<\/div>\n\t\t<\/div>\n\t\t\t\t<div class=\"elementor-column elementor-col-33 elementor-top-column elementor-element elementor-element-5c266e9\" data-id=\"5c266e9\" data-element_type=\"column\" data-e-type=\"column\">\n\t\t\t<div class=\"elementor-widget-wrap elementor-element-populated\">\n\t\t\t\t\t\t<div class=\"elementor-element elementor-element-a836a6a elementor-widget elementor-widget-text-editor\" data-id=\"a836a6a\" data-element_type=\"widget\" data-e-type=\"widget\" data-widget_type=\"text-editor.default\">\n\t\t\t\t<div class=\"elementor-widget-container\">\n\t\t\t\t\t\t\t\t\t<h1 class=\"productname\">Airfel Vibe Inverter Klima LTXQ50C<br \/>18000 BTU\/h A++<\/h1><div class=\"flexle flexlebypass\"><div class=\"prodpr\"><div class=\"productprice\">\u00a0<\/div><\/div><div class=\"comparebtn\" data-id=\"982\"><i class=\"fa fa-random\" aria-hidden=\"true\"><\/i>Kar\u015f\u0131la\u015ft\u0131r<\/div><\/div><div class=\"row\"><div class=\"col-md-7\"><p class=\"mt-3 mb-0\">So\u011futma Kapasitesi:\u00a017.530 (BTU\/h)<\/p><p class=\"\">Is\u0131tma Kapasitesi:\u00a017.700 (BTU\/h)<\/p><div class=\"energytags\"><div class=\"energytag\"><a class=\"energy_tag_etiket_a\" href=\"https:\/\/airfel.com\/uploads\/files\/LTXQ50C_energy_label.pdf\" target=\"_blank\" rel=\"noopener\">Enerji S\u0131n\u0131f\u0131 (So\u011futma)<\/a><a class=\"energy_tag_etiket_a\" href=\"https:\/\/airfel.com\/uploads\/files\/LTXQ50C_energy_label.pdf\" target=\"_blank\" rel=\"noopener\"><img decoding=\"async\" class=\"energy_image\" src=\"https:\/\/airfel.com\/uploads\/energy\/A++_SINIFI_Class_Arrows_A+++D.png\" alt=\"Enerji Etiketi\" width=\"50\" \/><\/a><\/div><div class=\"energytag\"><a class=\"energy_tag_etiket_a\" href=\"https:\/\/airfel.com\/uploads\/files\/LTXQ50C_energy_label.pdf\" target=\"_blank\" rel=\"noopener\">Enerji S\u0131n\u0131f\u0131 (Is\u0131tma)<\/a><a class=\"energy_tag_etiket_a\" href=\"https:\/\/airfel.com\/uploads\/files\/LTXQ50C_energy_label.pdf\" target=\"_blank\" rel=\"noopener\"><img decoding=\"async\" class=\"energy_image\" src=\"https:\/\/airfel.com\/uploads\/energy\/A+_SINIFI_Class_Arrows_A+++D.png\" alt=\"Enerji Etiketi\" width=\"50\" \/><\/a><\/div><div class=\"urun_bilgi energy_tag_etiket_a\" data-id=\"982\"><a href=\"https:\/\/airfel.com\/uploads\/files\/LTXQ50C_Product_Label.pdf\" target=\"_blank\" rel=\"noopener\">\u00dcr\u00fcn Bilgi Formu<\/a><\/div><\/div><\/div><div class=\"col-md-5 offerDesktopBtn\"><a class=\"teklifbtn desktopteklifbtn d-none d-sm-block mt-5\" href=\"https:\/\/www.kureselmuhendislik.com\/en\/bize-ulasin\/\">TEKL\u0130F AL<\/a><\/div><\/div><p>\u00a0<\/p><p>Airfel inverter split klimalar, eviniz veya i\u015fyeriniz i\u00e7in \u00fcst\u00fcn \u00e7\u00f6z\u00fcmleri ile\u00a0<em><strong>daima senden yana&#8230;<\/strong><\/em><br \/>Daima senden yana olan Airfel, klimalar\u0131 ile teknolojiden, konfordan, tasarruftan ve verimlilikten yana.<\/p>\t\t\t\t\t\t\t\t<\/div>\n\t\t\t\t<\/div>\n\t\t\t\t\t<\/div>\n\t\t<\/div>\n\t\t\t\t\t<\/div>\n\t\t<\/section>\n\t\t\t\t<section class=\"elementor-section elementor-top-section elementor-element elementor-element-942aada elementor-section-boxed elementor-section-height-default elementor-section-height-default\" data-id=\"942aada\" data-element_type=\"section\" data-e-type=\"section\">\n\t\t\t\t\t\t<div class=\"elementor-container elementor-column-gap-default\">\n\t\t\t\t\t<div class=\"elementor-column elementor-col-100 elementor-top-column elementor-element elementor-element-9e454a3\" data-id=\"9e454a3\" data-element_type=\"column\" data-e-type=\"column\">\n\t\t\t<div class=\"elementor-widget-wrap elementor-element-populated\">\n\t\t\t\t\t\t<div class=\"elementor-element elementor-element-43ae88f elementor-widget elementor-widget-text-editor\" data-id=\"43ae88f\" data-element_type=\"widget\" data-e-type=\"widget\" data-widget_type=\"text-editor.default\">\n\t\t\t\t<div class=\"elementor-widget-container\">\n\t\t\t\t\t\t\t\t\t<div class=\"col-md-4\"><div class=\"product-card\" data-id=\"945\">\u00a0<\/div><\/div><div class=\"col-md-4\"><div class=\"product-card\" data-id=\"47\"><div><p><strong style=\"font-family: inherit; font-size: 32px;\">Klima<\/strong><\/p><\/div><\/div><\/div><div id=\"category_content_area\" class=\"category_content\"><p>Klimalar yaz aylar\u0131nda bulundu\u011funuz ortam\u0131 serinletmenize, k\u0131\u015f aylar\u0131nda ise \u0131s\u0131tman\u0131za yarayan iklimlendirme cihazlar\u0131d\u0131r. Hem \u0131s\u0131tma hem so\u011futma \u00f6zellikleri sayesinde sizlere d\u00f6rt mevsim konfor sa\u011flarlar. G\u00fcn\u00fcm\u00fczde \u00e7ok say\u0131da \u00e7e\u015fit ve kapasiteleri mevcuttur. Bu sayede kullan\u0131m alanlar\u0131 da artmaktad\u0131r. \u0130htiya\u00e7lar\u0131n\u0131za en uygun olan\u0131 se\u00e7ebilmek i\u00e7in klima \u00f6zellikleri, klima fiyatlar\u0131 ve klima \u00e7e\u015fitleri hakk\u0131nda bilgi edindikten sonra size en uygun klimay\u0131 se\u00e7ebilirsiniz. Inverter teknolojisinin geli\u015fimiyle birlikte enerji tasarrufu gibi avantajlar da \u00f6n plana \u00e7\u0131kmaktad\u0131r.<\/p><h2><strong>Klima Fiyatlar\u0131 ve \u00d6zellikleri<\/strong><\/h2><p>Klima fiyatlar\u0131 kullan\u0131lan teknoloji, kliman\u0131n kapasitesi, enerji verimlili\u011fi ve kliman\u0131n \u00e7e\u015fidi gibi fakt\u00f6rlere ba\u011fl\u0131 olarak de\u011fi\u015fiklik g\u00f6stermektedir. Duvar tipi, ticari, multi split gibi farkl\u0131 modeller aras\u0131nda fiyat farkl\u0131l\u0131klar\u0131 g\u00f6zlemlenebilir. Klima fiyatlar\u0131 \u00fcr\u00fcnlerin sa\u011flad\u0131\u011f\u0131 enerji\u00a0tasarrufu ve uzun \u00f6m\u00fcrl\u00fcl\u00fc\u011fe g\u00f6re de farkl\u0131l\u0131k g\u00f6sterir. Klima \u00f6zellikleri ve uzun vadede size\u00a0sa\u011flayaca\u011f\u0131 avantajlar\u0131 g\u00f6z \u00f6n\u00fcnde bulundurarak klima fiyatlar\u0131n\u0131 de\u011ferlendirebilirsiniz.<\/p><h2><strong>Klima Fiyatlar\u0131n\u0131 Etkileyen Fakt\u00f6rler<\/strong><\/h2><p>Klima fiyatlar\u0131 \u00fczerinde etkili olan bir\u00e7ok fakt\u00f6r mevcuttur. Sat\u0131n almadan \u00f6nce size en uygun modeli se\u00e7ebilmek i\u00e7in dikkat etmeniz gerekenler:<\/p><p><strong>Kapasite<\/strong>: Kliman\u0131n kapasitesi bulunaca\u011f\u0131 ortam\u0131n b\u00fcy\u00fckl\u00fc\u011f\u00fcne g\u00f6re belirlenmelidir. \u00d6rne\u011fin b\u00fcy\u00fck alanlar\u0131 \u0131s\u0131tma ve so\u011futma konusunda y\u00fcksek kapasiteye sahip cihazlar tercih edilmelidir.<\/p><p><strong>Enerji Verimlili\u011fi<\/strong>: Y\u00fcksek enerji verimlili\u011fine sahip klimalar uzun vadede elektrik faturalar\u0131n\u0131z\u0131 d\u00fc\u015f\u00fcrerek tasarruf etmenizi sa\u011flar. Enerji s\u0131n\u0131f\u0131 y\u00fcksek bir klima daha d\u00fc\u015f\u00fck enerji t\u00fcketimiyle ayn\u0131 zamanda \u00e7evre dostu bir kullan\u0131m sunmaktad\u0131r.<\/p><p><strong>Kullan\u0131lan Teknoloji<\/strong>: Modern teknolojilerle donat\u0131lm\u0131\u015f inverter klima gibi modeller standart modellere g\u00f6re daha maliyetli olabilmektedir. Ancak inverter klima enerji tasarrufu sayesinde uzun vadede bu maliyeti amorti edebilir.<\/p><p><strong>Ekstra \u00d6zellikler<\/strong>: Klima modelleri hava temizleme, sessiz \u00e7al\u0131\u015fma, nem kontrol\u00fc gibi ek \u00f6zelliklerle donat\u0131labilmektedir. Bu t\u00fcr \u00f6zellikler klima fiyatlar\u0131n\u0131 artt\u0131rsa da kullan\u0131m kolayl\u0131\u011f\u0131 ve konfor sa\u011flar.<\/p><h2><strong>Klima \u00c7e\u015fitleri<\/strong><\/h2><p>Farkl\u0131 kullan\u0131m alanlar\u0131 ve ihtiya\u00e7lar\u0131na y\u00f6nelik bir\u00e7ok \u00e7e\u015fit bulunmaktad\u0131r. Ev ve ofislerde en \u00e7ok tercih edilen \u00e7e\u015fitler duvar tipi, ticari ve multi split klimalard\u0131r. Her biri farkl\u0131 \u00f6zelliklere sahip olan bu \u00e7e\u015fitler, kullan\u0131lacak mek\u00e2n\u0131n b\u00fcy\u00fckl\u00fc\u011f\u00fcne ve iklimlendirme ihtiyac\u0131na g\u00f6re de\u011ferlendirilmelidir. \u00d6rne\u011fin geni\u015f alanlar i\u00e7in ticari klimalar tavsiye edilirken k\u00fc\u00e7\u00fck mekanlar i\u00e7in duvar tipi klimalar tavsiye edilir. \u0130htiyac\u0131n\u0131za uygun \u00e7e\u015fitleri de\u011ferlendirirken kapasitesi, enerji verimlili\u011fi ve inverter teknolojisine dikkat etmek hem konforu artt\u0131r\u0131r hem de enerji tasarrufu sa\u011flar.<\/p><h2><strong>Klima Modelleri<\/strong><\/h2><p>Farkl\u0131 mek\u00e2n ve kullan\u0131m ama\u00e7lar\u0131na y\u00f6nelik bir\u00e7ok model bulunmaktad\u0131r. K\u00fc\u00e7\u00fck ve orta b\u00fcy\u00fckl\u00fckteki alanlar i\u00e7in en ideal model duvar tipi klimalard\u0131r. Bu modeller hem sessiz \u00e7al\u0131\u015fma hem de enerji verimlili\u011fi sa\u011flarlar. Ayn\u0131 zamanda montaj kolayl\u0131\u011f\u0131 da sunarlar. Daha b\u00fcy\u00fck alanlar i\u00e7in ise y\u00fcksek kapasiteli ticari klima modelleri tercih edilmelidir. Birden fazla oday\u0131 ayn\u0131 anda iklimlendirmek i\u00e7in ise en ideal se\u00e7enek multi split klimalard\u0131r. Tek bir d\u0131\u015f \u00fcnite ile birden fazla i\u00e7 \u00fcnitenin \u00e7al\u0131\u015fmas\u0131n\u0131 sa\u011flayarak hem estetik bir g\u00f6r\u00fcnt\u00fc hem de enerji tasarrufu sa\u011flar.<\/p><h3><strong>Duvar Tipi Klima<\/strong><\/h3><p>Duvar tipi klimalar konutlar ve k\u00fc\u00e7\u00fck ofisler i\u00e7in ideal \u00e7\u00f6z\u00fcmler sunmaktad\u0131r. Montaj\u0131 kolay ve yer kaplamayan bu modeller \u015f\u0131k tasar\u0131mlar\u0131 ile dikkat \u00e7ekerler. Duvar tipi klimalar\u0131n modern g\u00f6r\u00fcn\u00fcmleri ortam\u0131n dekorasyonuna uyum sa\u011flamaktad\u0131r. Duvar tipi modeller enerji tasarrufu sa\u011flar ve ayn\u0131 zamanda olduk\u00e7a sessiz \u00e7al\u0131\u015f\u0131rlar. Kullan\u0131c\u0131lar bu klima modellerini genellikle bireysel ya\u015fam alanlar\u0131nda kullanmak \u00fczere tercih etmektedir. \u0130htiyac\u0131n\u0131za uygun\u00a0<a href=\"https:\/\/airfel.com\/tr\/tr\/category\/klimalar\/duvar-tipi-klimalar\" target=\"_blank\" rel=\"noopener\">duvar tipi klima<\/a>\u00a0modelini se\u00e7mek i\u00e7in sayfam\u0131z\u0131 inceleyebilirsiniz.<\/p><h3><strong>Ticari Klima<\/strong><\/h3><p>Ticari klimalar genellikle geni\u015f ofisler, al\u0131\u015fveri\u015f merkezleri, restoran ve oteller gibi b\u00fcy\u00fck alanlarda yayg\u0131n olarak tercih edilmektedir. Ticari modeller geni\u015f alanlar\u0131n so\u011futma ve \u0131s\u0131tma ihtiya\u00e7lar\u0131n\u0131 kar\u015f\u0131lamak i\u00e7in tasarland\u0131\u011f\u0131ndan y\u00fcksek performansa sahiptir. Bu klimalar g\u00fc\u00e7l\u00fc yap\u0131lar\u0131 ve dayan\u0131kl\u0131l\u0131klar\u0131 ile \u00f6n plana \u00e7\u0131kmaktad\u0131r.\u00a0<a href=\"https:\/\/airfel.com\/tr\/tr\/category\/klimalar\/ticari-klimalar\" target=\"_blank\" rel=\"noopener\">Ticari klimalar<\/a>\u00a0ayn\u0131 zamanda uzun \u00f6m\u00fcrl\u00fc kullan\u0131m i\u00e7in \u00f6zel olarak tasarlanm\u0131\u015ft\u0131r ve y\u00fcksek verimlili\u011fe sahiplerdir. Ticari klimalar hakk\u0131nda daha fazla bilgi almak i\u00e7in sayfam\u0131z\u0131 ziyaret edebilir, \u00fcr\u00fcnlerimizi inceleyebilirsiniz.<\/p><h3><strong>Multi Split Klima\u00a0<\/strong><\/h3><p>Multi split klima modelleri birden fazla i\u00e7 \u00fcniteyi tek bir d\u0131\u015f \u00fcnite ile \u00e7al\u0131\u015ft\u0131rma imk\u00e2n\u0131 sunmaktad\u0131r. Bu sayede birden fazla odan\u0131n ayn\u0131 anda \u0131s\u0131t\u0131lmas\u0131 ve so\u011futulmas\u0131 tek bir d\u0131\u015f \u00fcnite ile sa\u011flan\u0131r. \u00d6zellikle geni\u015f ev ve ofislerde tercih edilen multi split klimalar\u0131n birbirlerinden ba\u011f\u0131ms\u0131z \u015fekilde kontrol edilebilmesi olduk\u00e7a avantajl\u0131 olmaktad\u0131r. Multi split klima sistemleri inverter teknoloji ile donat\u0131lm\u0131\u015f oldu\u011fundan enerji tasarrufu a\u00e7\u0131s\u0131ndan avantajl\u0131d\u0131r. Enerji verimlili\u011fi y\u00fcksek olan bu modeller \u00e7evre dostu \u00e7\u00f6z\u00fcmlerdendir.\u00a0<a href=\"https:\/\/airfel.com\/tr\/tr\/category\/klimalar\/multi-split-klimalar\" target=\"_blank\" rel=\"noopener\">Multi split klima<\/a>\u00a0\u00e7e\u015fitlerini sayfam\u0131zdan inceleyebilirsiniz.<\/p><h2><strong>Inverter Klima ve Avantajlar\u0131<\/strong><\/h2><p>G\u00fcn\u00fcm\u00fczde klimalar\u0131n en \u00e7ok tercih edilen t\u00fcrlerinden biri inverter klimalard\u0131r. Bu tip klimalar s\u0131cakl\u0131k dalgalanmalar\u0131n\u0131 \u00f6nleyerek enerji t\u00fcketimini optimize eden bir teknolojiye sahiplerdir. Ortam s\u0131cakl\u0131\u011f\u0131na g\u00f6re kendilerini ayarlad\u0131klar\u0131ndan s\u00fcrekli a\u00e7\u0131l\u0131p kapanma ihtiyac\u0131n\u0131 ortadan kald\u0131r\u0131rlar. Bu \u00f6zellik sayesinde enerji tasarrufu sa\u011flar ve daha sessiz \u00e7al\u0131\u015f\u0131rlar. Inverter klimalar\u0131n fiyatlar\u0131 sa\u011flad\u0131klar\u0131 avantajlardan kaynakl\u0131 olarak daha y\u00fcksek olabilmektedir. Ancak uzun vade d\u00fc\u015f\u00fcn\u00fcld\u00fc\u011f\u00fcnde avantajl\u0131 bir se\u00e7enek olmaktad\u0131r.<\/p><h2><strong>Inverter Klima Se\u00e7erken Nelere Dikkat Edilmelidir?<\/strong><\/h2><p>Inverter klima se\u00e7erken kliman\u0131n kapasitesi, enerji verimlili\u011fi s\u0131n\u0131f\u0131 ve montaj yap\u0131lacak mek\u00e2n\u0131n b\u00fcy\u00fckl\u00fc\u011f\u00fc gibi dikkat edilmesi gereken noktalar vard\u0131r. Y\u00fcksek enerji s\u0131n\u0131f\u0131na sahip inverter klimalar enerji t\u00fcketimini minimum seviyede tutarak \u00e7evre dostu bir \u00e7\u00f6z\u00fcm sunarlar. Ayn\u0131 zamanda bak\u0131mlar\u0131 d\u00fczenli yap\u0131l\u0131rsa uzun \u00f6m\u00fcrl\u00fc ve verimli \u00e7al\u0131\u015f\u0131rlar.<\/p><h2><strong>Klima Al\u0131rken Nelere Dikkat Edilmelidir?<\/strong><\/h2><p>Klima se\u00e7erken dikkat edilmesi gereken baz\u0131 fakt\u00f6rler vard\u0131r. Do\u011fru tercihi yapmak konforlu kullan\u0131m sundu\u011fu gibi enerji tasarrufu da sa\u011flar. Klima al\u0131rken dikkat edilmesi gerekenler:<\/p><p><strong>Kapasite ve BTU De\u011feri<\/strong>: Kapasite, mek\u00e2n\u0131n b\u00fcy\u00fckl\u00fc\u011f\u00fcne g\u00f6re se\u00e7ilmelidir. Y\u00fcksek kapasiteli klimalar geni\u015f alanlarda etkili bir iklimlendirme sa\u011flarken d\u00fc\u015f\u00fck kapasiteli klimalar daha k\u00fc\u00e7\u00fck alanlarda kullan\u0131ma uygundur. Do\u011fru kapasite se\u00e7imi kliman\u0131n verimli \u00e7al\u0131\u015fmas\u0131nda \u00f6nemli rol oynar.<\/p><p><strong>Inverter Teknolojisi<\/strong>: Inverter klima teknolojisi elektrik t\u00fcketimini azaltarak enerji tasarrufu sa\u011flamaktad\u0131r. Bu modeller oda s\u0131cakl\u0131\u011f\u0131n\u0131n s\u00fcrekli olarak kontrol\u00fcn\u00fc sa\u011flayarak istenen s\u0131cakl\u0131\u011fa ula\u015ft\u0131r\u0131r.<\/p><p><strong>Enerji Verimlili\u011fi<\/strong>: Klima fiyatlar\u0131 de\u011ferlendirilirken dikkat edilmesi gereken en \u00f6nemli \u015feylerden birisi enerji s\u0131n\u0131f\u0131d\u0131r. Y\u00fcksek enerji s\u0131n\u0131f\u0131na sahip bir model, elektrik faturalar\u0131n\u0131za pozitif olarak yans\u0131yacakt\u0131r.<\/p><p><strong>Ekstra \u00d6zellikler<\/strong>: Kliman\u0131n sessiz \u00e7al\u0131\u015fma, hava temizleme ve nem kontrol\u00fc gibi \u00f6zelliklere sahip olmas\u0131 ekstra konfor sunar. Ek \u00f6zellikler kliman\u0131n sa\u011flad\u0131\u011f\u0131 avantajlar\u0131 artt\u0131rarak ya\u015fam kalitenizi y\u00fckseltir.<\/p><p><strong>Bak\u0131m Kolayl\u0131\u011f\u0131<\/strong>: Modeller aras\u0131nda se\u00e7im yaparken bak\u0131m ihtiyac\u0131na ve bu bak\u0131m\u0131n ne kadar kolay ger\u00e7ekle\u015ftirilebilece\u011fine de dikkat etmeliyiz. Bak\u0131m\u0131 kolay olan ve d\u00fczenli bak\u0131m yap\u0131lan bir klima uzun \u00f6m\u00fcrl\u00fc bir performans sa\u011flar. Ayn\u0131 zamanda performans\u0131n\u0131 da s\u00fcrekli y\u00fcksek tutar.<\/p><\/div>\t\t\t\t\t\t\t\t<\/div>\n\t\t\t\t<\/div>\n\t\t\t\t\t<\/div>\n\t\t<\/div>\n\t\t\t\t\t<\/div>\n\t\t<\/section>\n\t\t\t\t<section class=\"elementor-section elementor-top-section elementor-element elementor-element-6c8c3ae elementor-section-boxed elementor-section-height-default elementor-section-height-default\" data-id=\"6c8c3ae\" data-element_type=\"section\" data-e-type=\"section\">\n\t\t\t\t\t\t<div class=\"elementor-container elementor-column-gap-default\">\n\t\t\t\t\t<div class=\"elementor-column elementor-col-100 elementor-top-column elementor-element elementor-element-a1379c7\" data-id=\"a1379c7\" data-element_type=\"column\" data-e-type=\"column\">\n\t\t\t<div class=\"elementor-widget-wrap elementor-element-populated\">\n\t\t\t\t\t\t<div class=\"elementor-element elementor-element-47adfb8 elementor-widget elementor-widget-text-editor\" data-id=\"47adfb8\" data-element_type=\"widget\" data-e-type=\"widget\" data-widget_type=\"text-editor.default\">\n\t\t\t\t<div class=\"elementor-widget-container\">\n\t\t\t\t\t\t\t\t\t<h2 data-start=\"1451\" data-end=\"1474\">Hemen Teklif Al\u0131n: 0232 250 50 07<\/h2><p data-start=\"217\" data-end=\"324\"><strong data-start=\"222\" data-end=\"324\">Airfel Klima \u0130zmir | Fiyatlar\u0131 &amp; Montaj | K\u00fcresel M\u00fchendislik<\/strong><\/p><ul data-start=\"341\" data-end=\"472\"><li data-section-id=\"1pwmpeq\" data-start=\"341\" data-end=\"403\">Airfel Klima Fiyatlar\u0131 2026 | \u0130zmir Sat\u0131\u015f ve Kurulum<\/li><li data-section-id=\"19mss6b\" data-start=\"404\" data-end=\"472\">Airfel Monoblok Is\u0131 Pompas\u0131 | Enerji Tasarruflu Is\u0131tma \u00c7\u00f6z\u00fcmleri<\/li><\/ul>\t\t\t\t\t\t\t\t<\/div>\n\t\t\t\t<\/div>\n\t\t\t\t\t<\/div>\n\t\t<\/div>\n\t\t\t\t\t<\/div>\n\t\t<\/section>\n\t\t\t\t<section class=\"elementor-section elementor-top-section elementor-element elementor-element-b76e9d6 elementor-section-boxed elementor-section-height-default elementor-section-height-default\" data-id=\"b76e9d6\" data-element_type=\"section\" data-e-type=\"section\">\n\t\t\t\t\t\t<div class=\"elementor-container elementor-column-gap-default\">\n\t\t\t\t\t<div class=\"elementor-column elementor-col-100 elementor-top-column elementor-element elementor-element-91f3189\" data-id=\"91f3189\" data-element_type=\"column\" data-e-type=\"column\">\n\t\t\t<div class=\"elementor-widget-wrap elementor-element-populated\">\n\t\t\t\t\t\t<div class=\"elementor-element elementor-element-57b8508 elementor-widget elementor-widget-image\" data-id=\"57b8508\" data-element_type=\"widget\" data-e-type=\"widget\" data-widget_type=\"image.default\">\n\t\t\t\t<div class=\"elementor-widget-container\">\n\t\t\t\t\t\t\t\t\t\t\t\t\t\t\t\t<a href=\"https:\/\/www.kureselmuhendislik.com\/wp-content\/uploads\/2026\/04\/Airfel-LTXM35N-A-12000-BTU-Inverter-Klima-Izmir.webp\" data-elementor-open-lightbox=\"yes\" data-elementor-lightbox-title=\"Airfel LTXM35N A++ 12000 BTU Inverter Klima \u0130zmir\" data-e-action-hash=\"#elementor-action%3Aaction%3Dlightbox%26settings%3DeyJpZCI6Mjg4NiwidXJsIjoiaHR0cHM6XC9cL3d3dy5rdXJlc2VsbXVoZW5kaXNsaWsuY29tXC93cC1jb250ZW50XC91cGxvYWRzXC8yMDI2XC8wNFwvQWlyZmVsLUxUWE0zNU4tQS0xMjAwMC1CVFUtSW52ZXJ0ZXItS2xpbWEtSXptaXIud2VicCJ9\">\n\t\t\t\t\t\t\t<img decoding=\"async\" width=\"1024\" height=\"329\" src=\"https:\/\/www.kureselmuhendislik.com\/wp-content\/uploads\/2026\/04\/Airfel-LTXM35N-A-12000-BTU-Inverter-Klima-Izmir-1024x329.webp\" class=\"attachment-large size-large wp-image-2886\" alt=\"\" srcset=\"https:\/\/www.kureselmuhendislik.com\/wp-content\/uploads\/2026\/04\/Airfel-LTXM35N-A-12000-BTU-Inverter-Klima-Izmir-1024x329.webp 1024w, https:\/\/www.kureselmuhendislik.com\/wp-content\/uploads\/2026\/04\/Airfel-LTXM35N-A-12000-BTU-Inverter-Klima-Izmir-300x96.webp 300w, https:\/\/www.kureselmuhendislik.com\/wp-content\/uploads\/2026\/04\/Airfel-LTXM35N-A-12000-BTU-Inverter-Klima-Izmir-768x247.webp 768w, https:\/\/www.kureselmuhendislik.com\/wp-content\/uploads\/2026\/04\/Airfel-LTXM35N-A-12000-BTU-Inverter-Klima-Izmir-1536x494.webp 1536w, https:\/\/www.kureselmuhendislik.com\/wp-content\/uploads\/2026\/04\/Airfel-LTXM35N-A-12000-BTU-Inverter-Klima-Izmir-18x6.webp 18w, https:\/\/www.kureselmuhendislik.com\/wp-content\/uploads\/2026\/04\/Airfel-LTXM35N-A-12000-BTU-Inverter-Klima-Izmir.webp 1920w\" sizes=\"(max-width: 1024px) 100vw, 1024px\" \/>\t\t\t\t\t\t\t\t<\/a>\n\t\t\t\t\t\t\t\t\t\t\t\t\t\t\t<\/div>\n\t\t\t\t<\/div>\n\t\t\t\t\t<\/div>\n\t\t<\/div>\n\t\t\t\t\t<\/div>\n\t\t<\/section>\n\t\t\t\t<\/div>","protected":false},"excerpt":{"rendered":"<p>\u00dcr\u00fcnler\u00a0 9000 BTU KlimaK\u00fc\u00e7\u00fck alanlar i\u00e7in ideal 12000 BTU KlimaEn \u00e7ok tercih edilen model 18000 BTU KlimaB\u00fcy\u00fck alanlar i\u00e7in g\u00fc\u00e7l\u00fc \u00e7\u00f6z\u00fcm \u00a0\u2714 2 g\u00fcnde montaj\u2714 Orijinal Airfel \u00fcr\u00fcnleri\u2714 5 y\u0131l garanti\u2714 Daikin servis garantisi Airfel Vibe Inverter Klima LTXQ50C18000 BTU\/h A++ \u00a0Kar\u015f\u0131la\u015ft\u0131r So\u011futma Kapasitesi:\u00a017.530 (BTU\/h) Is\u0131tma Kapasitesi:\u00a017.700 (BTU\/h) Enerji S\u0131n\u0131f\u0131 (So\u011futma)Enerji S\u0131n\u0131f\u0131 (Is\u0131tma)\u00dcr\u00fcn Bilgi FormuTEKL\u0130F&#8230;<\/p>","protected":false},"author":1,"featured_media":2895,"parent":0,"menu_order":0,"comment_status":"closed","ping_status":"closed","template":"","meta":{"_monsterinsights_skip_tracking":false,"_monsterinsights_sitenote_active":false,"_monsterinsights_sitenote_note":"","_monsterinsights_sitenote_category":0,"_kad_post_transparent":"","_kad_post_title":"hide","_kad_post_layout":"fullwidth","_kad_post_sidebar_id":"","_kad_post_content_style":"unboxed","_kad_post_vertical_padding":"hide","_kad_post_feature":"hide","_kad_post_feature_position":"","_kad_post_header":false,"_kad_post_footer":false,"_kad_post_classname":"","footnotes":""},"class_list":["post-2968","page","type-page","status-publish","has-post-thumbnail","hentry"],"_links":{"self":[{"href":"https:\/\/www.kureselmuhendislik.com\/en\/wp-json\/wp\/v2\/pages\/2968","targetHints":{"allow":["GET"]}}],"collection":[{"href":"https:\/\/www.kureselmuhendislik.com\/en\/wp-json\/wp\/v2\/pages"}],"about":[{"href":"https:\/\/www.kureselmuhendislik.com\/en\/wp-json\/wp\/v2\/types\/page"}],"author":[{"embeddable":true,"href":"https:\/\/www.kureselmuhendislik.com\/en\/wp-json\/wp\/v2\/users\/1"}],"replies":[{"embeddable":true,"href":"https:\/\/www.kureselmuhendislik.com\/en\/wp-json\/wp\/v2\/comments?post=2968"}],"version-history":[{"count":4,"href":"https:\/\/www.kureselmuhendislik.com\/en\/wp-json\/wp\/v2\/pages\/2968\/revisions"}],"predecessor-version":[{"id":2973,"href":"https:\/\/www.kureselmuhendislik.com\/en\/wp-json\/wp\/v2\/pages\/2968\/revisions\/2973"}],"wp:featuredmedia":[{"embeddable":true,"href":"https:\/\/www.kureselmuhendislik.com\/en\/wp-json\/wp\/v2\/media\/2895"}],"wp:attachment":[{"href":"https:\/\/www.kureselmuhendislik.com\/en\/wp-json\/wp\/v2\/media?parent=2968"}],"curies":[{"name":"wp","href":"https:\/\/api.w.org\/{rel}","templated":true}]}}