{"id":1283,"date":"2018-12-05T23:09:54","date_gmt":"2018-12-05T20:09:54","guid":{"rendered":"http:\/\/www.kureselmuhendislik.com\/?page_id=1283"},"modified":"2018-12-05T23:09:54","modified_gmt":"2018-12-05T20:09:54","slug":"daikin-vrv-iii-reyq-p8-p9","status":"publish","type":"page","link":"https:\/\/www.kureselmuhendislik.com\/en\/daikin-vrv-iii-reyq-p8-p9\/","title":{"rendered":"Daikin VRV III REYQ-P8\/P9"},"content":{"rendered":"<div id=\"pg-1085-0\" class=\"panel-grid panel-no-style\">\n<div id=\"pgc-1085-0-0\" class=\"panel-grid-cell\">\n<div id=\"panel-1085-0-0-0\" class=\"so-panel widget widget_sow-editor panel-first-child panel-last-child\" data-index=\"0\">\n<div class=\"so-widget-sow-editor so-widget-sow-editor-base\">\n<h3 class=\"widget-title\"><span style=\"font-size: 18pt;\">Is\u0131 Geri Kazan\u0131ml\u0131<\/span><\/h3>\n<div class=\"siteorigin-widget-tinymce textwidget\">\n<h4><span style=\"font-size: 18pt;\">DEFROST SIRASINDA S\u00dcREKL\u0130 ISITMA<\/span><\/h4>\n<p>Defrost ve ya\u011f d\u00f6n\u00fc\u015f\u00fc s\u0131ras\u0131nda en y\u00fcksek konfor seviyesini sa\u011flar.<br \/>\n<strong>Sistemin avantajlar\u0131<\/strong><br \/>\n\u203a\u203a Y\u00fcksek konfor<br \/>\n&#8212; Buz \u00e7\u00f6zme ve ya\u011f d\u00f6n\u00fc\u015f\u00fc s\u0131ras\u0131nda so\u011fuk hava etkisi olmaz.<br \/>\n&#8212; Odada b\u00fcy\u00fck s\u0131cakl\u0131k dalgalanmalar\u0131 olmaz.<br \/>\n\u203a\u203a Y\u00fcksek entegre \u0131s\u0131tma kapasitesi (i\u00e7 \u00fcniteler \u0131s\u0131tma sa\u011flamaya devam eder).<br \/>\n&#8212; Defrost s\u0131ras\u0131nda s\u00fcrekli \u0131s\u0131tma, daha y\u00fcksek entegre \u0131s\u0131tma kapasitesi ve kullan\u0131c\u0131 i\u00e7in \u00e7ok daha y\u00fcksek konfor sa\u011flar.<br \/>\n* Sadece multi kombinasyonlu \u0131s\u0131 geri kazan\u0131ml\u0131 sistemlerde (REYQ18-48P8\/9, REYHQ16-24P) mevcuttur.<\/p>\n<\/div>\n<\/div>\n<\/div>\n<\/div>\n<div id=\"pgc-1085-0-1\" class=\"panel-grid-cell\">\n<div id=\"panel-1085-0-1-0\" class=\"so-panel widget widget_sow-editor panel-first-child panel-last-child\" data-index=\"1\">\n<div class=\"so-widget-sow-editor so-widget-sow-editor-base\">\n<div class=\"siteorigin-widget-tinymce textwidget\">\n<p><img fetchpriority=\"high\" decoding=\"async\" class=\"aligncenter size-full wp-image-1086\" src=\"http:\/\/daikin-vrv.net\/wp-content\/uploads\/2017\/01\/daikin-klima-vrv-reyq.png\" sizes=\"(max-width: 500px) 100vw, 500px\" srcset=\"http:\/\/daikin-vrv.net\/wp-content\/uploads\/2017\/01\/daikin-klima-vrv-reyq.png 500w, http:\/\/daikin-vrv.net\/wp-content\/uploads\/2017\/01\/daikin-klima-vrv-reyq-300x180.png 300w\" alt=\"\" width=\"500\" height=\"300\" \/><\/p>\n<\/div>\n<\/div>\n<\/div>\n<\/div>\n<\/div>\n<div id=\"pg-1085-1\" class=\"panel-grid panel-no-style\">\n<div id=\"pgc-1085-1-0\" class=\"panel-grid-cell\">\n<div id=\"panel-1085-1-0-0\" class=\"so-panel widget widget_sow-editor panel-first-child panel-last-child\" data-index=\"2\">\n<div class=\"so-widget-sow-editor so-widget-sow-editor-base\">\n<div class=\"siteorigin-widget-tinymce textwidget\">\n<p><img decoding=\"async\" class=\"aligncenter wp-image-1090 size-full\" src=\"http:\/\/daikin-vrv.net\/wp-content\/uploads\/2017\/01\/%C4%B1s%C4%B1-geri-kazan%C4%B1ml%C4%B1-klima.png\" sizes=\"(max-width: 877px) 100vw, 877px\" srcset=\"http:\/\/daikin-vrv.net\/wp-content\/uploads\/2017\/01\/\u0131s\u0131-geri-kazan\u0131ml\u0131-klima.png 877w, http:\/\/daikin-vrv.net\/wp-content\/uploads\/2017\/01\/\u0131s\u0131-geri-kazan\u0131ml\u0131-klima-300x226.png 300w, http:\/\/daikin-vrv.net\/wp-content\/uploads\/2017\/01\/\u0131s\u0131-geri-kazan\u0131ml\u0131-klima-768x580.png 768w\" width=\"877\" height=\"662\" \/><\/p>\n<\/div>\n<\/div>\n<\/div>\n<\/div>\n<\/div>\n<div id=\"pg-1085-2\" class=\"panel-grid panel-no-style\">\n<div id=\"pgc-1085-2-0\" class=\"panel-grid-cell\">\n<div id=\"panel-1085-2-0-0\" class=\"so-panel widget widget_sow-editor panel-first-child\" data-index=\"3\">\n<div class=\"so-widget-sow-editor so-widget-sow-editor-base\">\n<h3 class=\"widget-title\"><span style=\"font-size: 18pt;\">VRVIII BS KUTUSU SAYES\u0130NDE B\u0130REYSEL KONFOR<\/span><\/h3>\n<div class=\"siteorigin-widget-tinymce textwidget\">\n<p>Her bir i\u00e7 \u00fcnite i\u00e7in so\u011futmadan \u0131s\u0131tmaya veya \u0131s\u0131tmadan so\u011futmaya ge\u00e7i\u015f m\u00fcmk\u00fcnd\u00fcr. Yani ge\u00e7i\u015f yapmayan t\u00fcm i\u00e7 \u00fcniteler bu s\u0131rada kullan\u0131c\u0131lara optimum konfor sa\u011flamaya devam eder. BS kutusu maksimum esneklik, h\u0131zl\u0131 montaj ve en d\u00fc\u015f\u00fck maliyet i\u00e7in bireysel veya \u00e7oklu modellerde gelir.<\/p>\n<p><span style=\"font-size: 18pt; color: #4b453f; font-family: Raleway, sans-serif; font-weight: 600;\">Is\u0131 geri kazan\u0131ml\u0131 VRVIII<\/span><\/p>\n<\/div>\n<\/div>\n<\/div>\n<div id=\"panel-1085-2-0-1\" class=\"so-panel widget widget_sow-editor panel-last-child\" data-index=\"4\">\n<div class=\"so-widget-sow-editor so-widget-sow-editor-base\">\n<div class=\"siteorigin-widget-tinymce textwidget\">\n<p>Hedef i\u00e7 \u00fcnite, so\u011futmadan \u0131s\u0131tmaya \u00e7evrilirken, VRVIII BS kutusuyla<br \/>\ndi\u011fer i\u00e7 \u00fcniteler \u0131s\u0131tmaya devam edebilir.<\/p>\n<p><img decoding=\"async\" class=\"aligncenter wp-image-1093 size-full\" src=\"http:\/\/daikin-vrv.net\/wp-content\/uploads\/2017\/01\/%C4%B1s%C4%B1-geri-kazan%C4%B1ml%C4%B1-klima-1.png\" sizes=\"(max-width: 771px) 100vw, 771px\" srcset=\"http:\/\/daikin-vrv.net\/wp-content\/uploads\/2017\/01\/\u0131s\u0131-geri-kazan\u0131ml\u0131-klima-1.png 771w, http:\/\/daikin-vrv.net\/wp-content\/uploads\/2017\/01\/\u0131s\u0131-geri-kazan\u0131ml\u0131-klima-1-300x262.png 300w, http:\/\/daikin-vrv.net\/wp-content\/uploads\/2017\/01\/\u0131s\u0131-geri-kazan\u0131ml\u0131-klima-1-768x670.png 768w\" width=\"771\" height=\"673\" \/><\/p>\n<\/div>\n<\/div>\n<\/div>\n<\/div>\n<div id=\"pgc-1085-2-1\" class=\"panel-grid-cell\">\n<div id=\"panel-1085-2-1-0\" class=\"so-panel widget widget_sow-editor panel-first-child\" data-index=\"5\">\n<div class=\"so-widget-sow-editor so-widget-sow-editor-base\">\n<div class=\"siteorigin-widget-tinymce textwidget\">\n<p><img loading=\"lazy\" decoding=\"async\" class=\"aligncenter wp-image-1092 size-medium\" src=\"http:\/\/daikin-vrv.net\/wp-content\/uploads\/2017\/01\/bireysel-kontrol-300x204.png\" sizes=\"(max-width: 300px) 100vw, 300px\" srcset=\"http:\/\/daikin-vrv.net\/wp-content\/uploads\/2017\/01\/bireysel-kontrol-300x204.png 300w, http:\/\/daikin-vrv.net\/wp-content\/uploads\/2017\/01\/bireysel-kontrol.png 568w\" width=\"300\" height=\"204\" \/><\/p>\n<\/div>\n<\/div>\n<\/div>\n<div id=\"panel-1085-2-1-1\" class=\"so-panel widget widget_sow-editor panel-last-child\" data-index=\"6\">\n<div class=\"so-widget-sow-editor so-widget-sow-editor-base\">\n<h3 class=\"widget-title\"><span style=\"font-size: 18pt;\">ESNEK BORU TASARIMI<\/span><\/h3>\n<div class=\"siteorigin-widget-tinymce textwidget\">\n<p>VRV, 165m (190m e\u015fde\u011fer boru uzunlu\u011fu) maksimum boru uzunlu\u011funa ve toplam 1.000m sistem boru uzunlu\u011funa sahiptir.<br \/>\nD\u0131\u015f \u00fcnitenin i\u00e7 \u00fcniteden yukar\u0131da bulunmas\u0131 durumunda, kot fark\u0131 standart olarak 50m\u2019dir. 90m&#8217;ye kadar \u00e7\u0131kabilir.<br \/>\nD\u0131\u015f \u00fcnitenin i\u00e7 \u00fcniteden a\u015fa\u011f\u0131da bulunmas\u0131 durumunda, kot fark\u0131 standart olarak 40m\u2019dir. Maksimum 90m&#8217;ye kadar kot fark\u0131 m\u00fcmk\u00fcnd\u00fcr.<br \/>\nEn uzun boru uzunlu\u011funun maksimum 90m olmas\u0131 ko\u015fuluyla,<br \/>\nilk bran\u015fmandan sonra en uzun boru uzunlu\u011fu ile en k\u0131sa boru<br \/>\nuzunlu\u011fu aras\u0131ndaki fark maksimum 40m olabilir.<br \/>\n<img loading=\"lazy\" decoding=\"async\" class=\"aligncenter size-medium wp-image-1094\" src=\"http:\/\/daikin-vrv.net\/wp-content\/uploads\/2017\/01\/esnek-boru-tasar%C4%B1m%C4%B1-2-261x300.png\" sizes=\"(max-width: 261px) 100vw, 261px\" srcset=\"http:\/\/daikin-vrv.net\/wp-content\/uploads\/2017\/01\/esnek-boru-tasar\u0131m\u0131-2-261x300.png 261w, http:\/\/daikin-vrv.net\/wp-content\/uploads\/2017\/01\/esnek-boru-tasar\u0131m\u0131-2.png 476w\" alt=\"\" width=\"261\" height=\"300\" \/><\/p>\n<\/div>\n<\/div>\n<\/div>\n<\/div>\n<\/div>\n<div id=\"pg-1085-3\" class=\"panel-grid panel-no-style\">\n<div id=\"pgc-1085-3-0\" class=\"panel-grid-cell\">\n<div id=\"panel-1085-3-0-0\" class=\"so-panel widget widget_sow-editor panel-first-child panel-last-child\" data-index=\"7\">\n<div class=\"so-widget-sow-editor so-widget-sow-editor-base\">\n<div class=\"siteorigin-widget-tinymce textwidget\">\n<p><img loading=\"lazy\" decoding=\"async\" class=\"aligncenter wp-image-1095 size-full\" src=\"http:\/\/daikin-vrv.net\/wp-content\/uploads\/2017\/01\/%C4%B1s%C4%B1-geri-kazan%C4%B1ml%C4%B1-klima-%C3%B6zellikleri.png\" sizes=\"(max-width: 973px) 100vw, 973px\" srcset=\"http:\/\/daikin-vrv.net\/wp-content\/uploads\/2017\/01\/\u0131s\u0131-geri-kazan\u0131ml\u0131-klima-\u00f6zellikleri.png 973w, http:\/\/daikin-vrv.net\/wp-content\/uploads\/2017\/01\/\u0131s\u0131-geri-kazan\u0131ml\u0131-klima-\u00f6zellikleri-300x238.png 300w, http:\/\/daikin-vrv.net\/wp-content\/uploads\/2017\/01\/\u0131s\u0131-geri-kazan\u0131ml\u0131-klima-\u00f6zellikleri-768x609.png 768w\" width=\"973\" height=\"772\" \/><\/p>\n<h3><span style=\"font-size: 14pt;\">Daikin VRV Klima Sistemi \u0130\u00e7in\u00a0<strong>0232 250 50 07<\/strong>\u00a0nolu Numaradan Bize Ula\u015fabilirsiniz.<\/span><\/h3>\n<h3><span style=\"font-size: 14pt;\"><a href=\"mailto:kureselmekanik@gmail.com\">Daikin VRV Klima Detayl\u0131 Bilgi<\/a><\/span><\/h3>\n<\/div>\n<\/div>\n<\/div>\n<\/div>\n<\/div>","protected":false},"excerpt":{"rendered":"<p>Is\u0131 Geri Kazan\u0131ml\u0131 DEFROST SIRASINDA S\u00dcREKL\u0130 ISITMA Defrost ve ya\u011f d\u00f6n\u00fc\u015f\u00fc s\u0131ras\u0131nda en y\u00fcksek konfor seviyesini sa\u011flar. Sistemin avantajlar\u0131 \u203a\u203a Y\u00fcksek konfor &#8212; Buz \u00e7\u00f6zme ve ya\u011f d\u00f6n\u00fc\u015f\u00fc s\u0131ras\u0131nda so\u011fuk hava etkisi olmaz. &#8212; Odada b\u00fcy\u00fck s\u0131cakl\u0131k dalgalanmalar\u0131 olmaz. \u203a\u203a Y\u00fcksek entegre \u0131s\u0131tma kapasitesi (i\u00e7 \u00fcniteler \u0131s\u0131tma sa\u011flamaya devam eder). &#8212; Defrost s\u0131ras\u0131nda s\u00fcrekli \u0131s\u0131tma,&#8230;<\/p>","protected":false},"author":1,"featured_media":0,"parent":0,"menu_order":0,"comment_status":"closed","ping_status":"closed","template":"","meta":{"_monsterinsights_skip_tracking":false,"_monsterinsights_sitenote_active":false,"_monsterinsights_sitenote_note":"","_monsterinsights_sitenote_category":0,"_kad_post_transparent":"","_kad_post_title":"","_kad_post_layout":"","_kad_post_sidebar_id":"","_kad_post_content_style":"","_kad_post_vertical_padding":"","_kad_post_feature":"","_kad_post_feature_position":"","_kad_post_header":false,"_kad_post_footer":false,"_kad_post_classname":"","footnotes":""},"class_list":["post-1283","page","type-page","status-publish","hentry"],"_links":{"self":[{"href":"https:\/\/www.kureselmuhendislik.com\/en\/wp-json\/wp\/v2\/pages\/1283","targetHints":{"allow":["GET"]}}],"collection":[{"href":"https:\/\/www.kureselmuhendislik.com\/en\/wp-json\/wp\/v2\/pages"}],"about":[{"href":"https:\/\/www.kureselmuhendislik.com\/en\/wp-json\/wp\/v2\/types\/page"}],"author":[{"embeddable":true,"href":"https:\/\/www.kureselmuhendislik.com\/en\/wp-json\/wp\/v2\/users\/1"}],"replies":[{"embeddable":true,"href":"https:\/\/www.kureselmuhendislik.com\/en\/wp-json\/wp\/v2\/comments?post=1283"}],"version-history":[{"count":1,"href":"https:\/\/www.kureselmuhendislik.com\/en\/wp-json\/wp\/v2\/pages\/1283\/revisions"}],"predecessor-version":[{"id":1284,"href":"https:\/\/www.kureselmuhendislik.com\/en\/wp-json\/wp\/v2\/pages\/1283\/revisions\/1284"}],"wp:attachment":[{"href":"https:\/\/www.kureselmuhendislik.com\/en\/wp-json\/wp\/v2\/media?parent=1283"}],"curies":[{"name":"wp","href":"https:\/\/api.w.org\/{rel}","templated":true}]}}