{"id":1278,"date":"2018-12-05T23:01:47","date_gmt":"2018-12-05T20:01:47","guid":{"rendered":"http:\/\/www.kureselmuhendislik.com\/?page_id=1278"},"modified":"2018-12-05T23:01:47","modified_gmt":"2018-12-05T20:01:47","slug":"daikin-vrv-klima","status":"publish","type":"page","link":"https:\/\/www.kureselmuhendislik.com\/en\/daikin-vrv-klima\/","title":{"rendered":"Daikin VRV III-C RTSYQ-PA HEAT PUMP"},"content":{"rendered":"<div id=\"pg-1059-0\" class=\"panel-grid panel-no-style\">\n<div id=\"pgc-1059-0-0\" class=\"panel-grid-cell\">\n<div id=\"panel-1059-0-0-0\" class=\"so-panel widget widget_sow-editor panel-first-child\" data-index=\"0\">\n<div class=\"so-widget-sow-editor so-widget-sow-editor-base\">\n<h3 class=\"widget-title\"><span style=\"font-size: 18pt;\">Is\u0131tma i\u00e7in optimize edilmi\u015f VRV (VRVIII-C)<\/span><\/h3>\n<div class=\"siteorigin-widget-tinymce textwidget\">\n<h4><span style=\"font-size: 14pt;\">K\u0131sa defrost s\u00fcresi<\/span><\/h4>\n<p>Defrost (buz \u00e7\u00f6zme) i\u00e7in gereken s\u00fcre 4 dakikaya indirilmi\u015ftir, standart VRVIII sisteminin (10 dakika) yar\u0131s\u0131ndan azd\u0131r; Daha istikrarl\u0131 bir i\u00e7 s\u0131cakl\u0131k ve daha y\u00fcksek konfor seviyesi sa\u011flar.<\/p>\n<p>* Japonya&#8217;da 10 HP \u00fcniteyle saha testi verileri (Akita \u015eehri, Ocak 2006)<\/p>\n<\/div>\n<\/div>\n<\/div>\n<div id=\"panel-1059-0-0-1\" class=\"so-panel widget widget_sow-editor panel-last-child\" data-index=\"1\">\n<div class=\"so-widget-sow-editor so-widget-sow-editor-base\">\n<div class=\"siteorigin-widget-tinymce textwidget\">\n<h4><span style=\"font-size: 14pt;\">D\u00fc\u015f\u00fck ortam s\u0131cakl\u0131klar\u0131nda y\u00fcksek COP<\/span><\/h4>\n<p>\u0130ki a\u015famal\u0131 s\u0131k\u0131\u015ft\u0131rma teknolojisinin kullan\u0131m\u0131, t\u00fcm \u00fcr\u00fcn gam\u0131 i\u00e7in (bir 10HP \u00fcnite i\u00e7in 3,8&#8217;e kadar) -10\u00b0C hava s\u0131cakl\u0131\u011f\u0131nda 3,0&#8217;dan y\u00fcksek olmayan COP de\u011feriyle d\u00fc\u015f\u00fck s\u0131cakl\u0131klarda y\u00fcksek enerji performans\u0131 sa\u011flar. Bu nedenle, y\u0131ll\u0131k enerji maliyetleri, standart heat pump sistemine g\u00f6re olduk\u00e7a d\u00fc\u015f\u00fckt\u00fcr.<\/p>\n<h4><span style=\"font-size: 14pt;\">Geni\u015f \u0131s\u0131tma \u00e7al\u0131\u015fma s\u0131cakl\u0131k aral\u0131\u011f\u0131<\/span><\/h4>\n<p>VRVIII-C, \u0131s\u0131tma modunda -25 \u00b0C YT d\u0131\u015f hava s\u0131cakl\u0131\u011f\u0131na kadar standart \u00e7al\u0131\u015fma s\u0131cakl\u0131k aral\u0131\u011f\u0131na sahip ve &#8211; 5 \u00b0C KT d\u0131\u015f hava s\u0131cakl\u0131\u011f\u0131na kadar so\u011futma sa\u011flayabilen piyasadaki ilk sistemdir.<\/p>\n<h4><span style=\"font-size: 14pt;\">Sabit \u0131s\u0131tma kapasitesi<\/span><\/h4>\n<p>VRVIII-C, d\u00fc\u015f\u00fck hava s\u0131cakl\u0131klar\u0131nda bile sabit \u0131s\u0131tma kapasitesine sahiptir ve \u0131s\u0131tma i\u00e7in uygun tek kaynakt\u0131r. Is\u0131tma kapasitesi benzer ko\u015fullarda standart VRV \u0131s\u0131tma kapasitesine g\u00f6re %130&#8217;dur.<\/p>\n<p>&nbsp;<\/p>\n<\/div>\n<\/div>\n<\/div>\n<\/div>\n<div id=\"pgc-1059-0-1\" class=\"panel-grid-cell\">\n<div id=\"panel-1059-0-1-0\" class=\"so-panel widget widget_sow-editor panel-first-child panel-last-child\" data-index=\"2\">\n<div class=\"so-widget-sow-editor so-widget-sow-editor-base\">\n<div class=\"siteorigin-widget-tinymce textwidget\">\n<p><img fetchpriority=\"high\" decoding=\"async\" class=\"aligncenter size-full wp-image-1060\" src=\"http:\/\/daikin-vrv.net\/wp-content\/uploads\/2017\/01\/daikin-vrv-klima-vrviii-c.png\" sizes=\"(max-width: 500px) 100vw, 500px\" srcset=\"http:\/\/daikin-vrv.net\/wp-content\/uploads\/2017\/01\/daikin-vrv-klima-vrviii-c.png 500w, http:\/\/daikin-vrv.net\/wp-content\/uploads\/2017\/01\/daikin-vrv-klima-vrviii-c-300x180.png 300w\" alt=\"\" width=\"500\" height=\"300\" \/><\/p>\n<p><img decoding=\"async\" class=\"aligncenter size-full wp-image-1062\" src=\"http:\/\/daikin-vrv.net\/wp-content\/uploads\/2017\/01\/daikin-vrv-klima-vrviii-c-avantajlar%C4%B1.png\" sizes=\"(max-width: 481px) 100vw, 481px\" srcset=\"http:\/\/daikin-vrv.net\/wp-content\/uploads\/2017\/01\/daikin-vrv-klima-vrviii-c-avantajlar\u0131.png 481w, http:\/\/daikin-vrv.net\/wp-content\/uploads\/2017\/01\/daikin-vrv-klima-vrviii-c-avantajlar\u0131-171x300.png 171w\" alt=\"\" width=\"481\" height=\"842\" \/><\/p>\n<\/div>\n<\/div>\n<\/div>\n<\/div>\n<\/div>\n<div id=\"pg-1059-1\" class=\"panel-grid panel-no-style\">\n<div id=\"pgc-1059-1-0\" class=\"panel-grid-cell\">\n<div id=\"panel-1059-1-0-0\" class=\"so-panel widget widget_sow-editor panel-first-child panel-last-child\" data-index=\"3\">\n<div class=\"so-widget-sow-editor so-widget-sow-editor-base\">\n<div class=\"siteorigin-widget-tinymce textwidget\">\n<h4>Y\u00fcksek \u0131s\u0131tma devri<\/h4>\n<p>Is\u0131tma s\u00fcresi \u00f6zellikle d\u00fc\u015f\u00fck hava s\u0131cakl\u0131\u011f\u0131 ko\u015fullar\u0131nda \u00f6nemli \u00f6l\u00e7\u00fcde d\u00fc\u015f\u00fckt\u00fcr. \u0130\u00e7 \u00fcnite \u0131s\u0131 e\u015fanj\u00f6r\u00fc \u00fcflenen hava s\u0131cakl\u0131\u011f\u0131n\u0131n 40\u00b0C&#8217;ye ula\u015fmas\u0131 i\u00e7in gereken s\u00fcre %50 k\u0131salt\u0131lm\u0131\u015ft\u0131r.<\/p>\n<h4>Esnek boru tasar\u0131m\u0131<\/h4>\n<p>VRVIII-C, 165m (190m e\u015fde\u011fer boru uzunlu\u011fu) maksimum boru uzunlu\u011funa ve toplam 500m sistem boru uzunlu\u011funa sahiptir.<br \/>\nD\u0131\u015f \u00fcnitenin i\u00e7 \u00fcniteden yukar\u0131da bulunmas\u0131 durumunda, kot fark\u0131 50m\u2019dir.<br \/>\nD\u0131\u015f \u00fcnitenin i\u00e7 \u00fcniteden a\u015fa\u011f\u0131da bulunmas\u0131 durumunda, kot fark\u0131 40m\u2019dir.<br \/>\nD\u0131\u015f \u00fcnite ile fonksiyon \u00fcnitesi aras\u0131ndaki mesafe maksimum 10m (e\u015fde\u011fer boru uzunlu\u011fu 13m) olmal\u0131d\u0131r.<br \/>\nEn uzun boru uzunlu\u011funun maksimum 90m olmas\u0131 ko\u015fuluyla, ilk bran\u015fmandan sonra en uzun boru uzunlu\u011fu ile en k\u0131sa boru uzunlu\u011fu aras\u0131ndaki fark maksimum 40m olabilir.<\/p>\n<\/div>\n<\/div>\n<\/div>\n<\/div>\n<div id=\"pgc-1059-1-1\" class=\"panel-grid-cell\">\n<div id=\"panel-1059-1-1-0\" class=\"so-panel widget widget_sow-editor panel-first-child panel-last-child\" data-index=\"4\">\n<div class=\"so-widget-sow-editor so-widget-sow-editor-base\">\n<div class=\"siteorigin-widget-tinymce textwidget\">\n<p><img decoding=\"async\" class=\"aligncenter size-full wp-image-1067\" src=\"http:\/\/daikin-vrv.net\/wp-content\/uploads\/2017\/01\/y%C3%BCksek-%C4%B1s%C4%B1tma-devri.png\" sizes=\"(max-width: 1001px) 100vw, 1001px\" srcset=\"http:\/\/daikin-vrv.net\/wp-content\/uploads\/2017\/01\/y\u00fcksek-\u0131s\u0131tma-devri.png 1001w, http:\/\/daikin-vrv.net\/wp-content\/uploads\/2017\/01\/y\u00fcksek-\u0131s\u0131tma-devri-300x132.png 300w, http:\/\/daikin-vrv.net\/wp-content\/uploads\/2017\/01\/y\u00fcksek-\u0131s\u0131tma-devri-768x339.png 768w\" alt=\"\" width=\"1001\" height=\"442\" \/><\/p>\n<p><img loading=\"lazy\" decoding=\"async\" class=\"aligncenter wp-image-1070\" src=\"http:\/\/daikin-vrv.net\/wp-content\/uploads\/2017\/01\/esnek-boru-tasar%C4%B1m%C4%B1-1.png\" sizes=\"(max-width: 350px) 100vw, 350px\" srcset=\"http:\/\/daikin-vrv.net\/wp-content\/uploads\/2017\/01\/esnek-boru-tasar\u0131m\u0131-1.png 408w, http:\/\/daikin-vrv.net\/wp-content\/uploads\/2017\/01\/esnek-boru-tasar\u0131m\u0131-1-262x300.png 262w\" width=\"350\" height=\"401\" \/><\/p>\n<\/div>\n<\/div>\n<\/div>\n<\/div>\n<\/div>\n<div id=\"pg-1059-2\" class=\"panel-grid panel-no-style\">\n<div id=\"pgc-1059-2-0\" class=\"panel-grid-cell\">\n<div id=\"panel-1059-2-0-0\" class=\"so-panel widget widget_sow-editor panel-first-child panel-last-child\" data-index=\"5\">\n<div class=\"so-widget-sow-editor so-widget-sow-editor-base\">\n<h3 class=\"widget-title\"><span style=\"font-size: 18pt;\">\u00d6ZEL TEKNOLOJ\u0130LER<\/span><\/h3>\n<div class=\"siteorigin-widget-tinymce textwidget\">\n<h4>\u0130ki a\u015famal\u0131 s\u0131k\u0131\u015ft\u0131rma<\/h4>\n<p>\u0130ki a\u015famal\u0131 s\u0131k\u0131\u015ft\u0131rma teknolojisi, sistemin y\u00fcksek bas\u0131n\u00e7 olu\u015fturmas\u0131n\u0131 ve d\u00fc\u015f\u00fck \u00e7evre s\u0131cakl\u0131klar\u0131nda daha y\u00fcksek \u0131s\u0131tma kapasitesi sa\u011flar. \u0130kinci inverter kompres\u00f6r\u00fc (fonksiyon \u00fcnitesinde bulunmaktad\u0131r) \u00f6zellikle y\u00fcksek bas\u0131n\u00e7 sa\u011flayacak \u015fekilde tasarlanm\u0131\u015ft\u0131r.<br \/>\n\u0130\u00e7 \u00fcnitede \u0131s\u0131 de\u011fi\u015fimi yap\u0131ld\u0131ktan sonra, gaz-s\u0131v\u0131 ay\u0131r\u0131c\u0131s\u0131nda gaz ve s\u0131v\u0131 ayr\u0131l\u0131r. Bu \u015fekilde gaz halindeki so\u011futucu ak\u0131\u015fkan geri kazan\u0131l\u0131r ve do\u011frudan y\u00fcksek bas\u0131n\u00e7l\u0131 kompres\u00f6re aktar\u0131l\u0131r.<\/p>\n<p><img loading=\"lazy\" decoding=\"async\" class=\"aligncenter size-full wp-image-1073\" src=\"http:\/\/daikin-vrv.net\/wp-content\/uploads\/2017\/01\/iki-a%C5%9Famal%C4%B1-s%C4%B1k%C4%B1%C5%9Ft%C4%B1rma.png\" sizes=\"(max-width: 464px) 100vw, 464px\" srcset=\"http:\/\/daikin-vrv.net\/wp-content\/uploads\/2017\/01\/iki-a\u015famal\u0131-s\u0131k\u0131\u015ft\u0131rma.png 464w, http:\/\/daikin-vrv.net\/wp-content\/uploads\/2017\/01\/iki-a\u015famal\u0131-s\u0131k\u0131\u015ft\u0131rma-263x300.png 263w\" alt=\"\" width=\"464\" height=\"530\" \/><\/p>\n<p><img loading=\"lazy\" decoding=\"async\" class=\"aligncenter wp-image-1075 size-full\" src=\"http:\/\/daikin-vrv.net\/wp-content\/uploads\/2017\/01\/vrviii-c-%C3%B6zellikleri.png\" sizes=\"(max-width: 976px) 100vw, 976px\" srcset=\"http:\/\/daikin-vrv.net\/wp-content\/uploads\/2017\/01\/vrviii-c-\u00f6zellikleri.png 976w, http:\/\/daikin-vrv.net\/wp-content\/uploads\/2017\/01\/vrviii-c-\u00f6zellikleri-300x197.png 300w, http:\/\/daikin-vrv.net\/wp-content\/uploads\/2017\/01\/vrviii-c-\u00f6zellikleri-768x505.png 768w\" width=\"976\" height=\"642\" \/><img loading=\"lazy\" decoding=\"async\" class=\"aligncenter wp-image-1076 size-full\" src=\"http:\/\/daikin-vrv.net\/wp-content\/uploads\/2017\/01\/vrv-iii-c-%C3%B6zellikleri.png\" sizes=\"(max-width: 972px) 100vw, 972px\" srcset=\"http:\/\/daikin-vrv.net\/wp-content\/uploads\/2017\/01\/vrv-iii-c-\u00f6zellikleri.png 972w, http:\/\/daikin-vrv.net\/wp-content\/uploads\/2017\/01\/vrv-iii-c-\u00f6zellikleri-300x104.png 300w, http:\/\/daikin-vrv.net\/wp-content\/uploads\/2017\/01\/vrv-iii-c-\u00f6zellikleri-768x266.png 768w\" width=\"972\" height=\"337\" \/><\/p>\n<h3><span style=\"font-size: 14pt;\">Daikin VRV Klima Sistemi \u0130\u00e7in\u00a0<strong>0232 250 50 07<\/strong>\u00a0nolu Numaradan Bize Ula\u015fabilirsiniz.<\/span><\/h3>\n<h3><span style=\"font-size: 14pt;\"><a href=\"mailto:kureselmekanik@gmail.com\">Daikin VRV Klima Detayl\u0131 Bilgi<\/a><\/span><\/h3>\n<\/div>\n<\/div>\n<\/div>\n<\/div>\n<\/div>","protected":false},"excerpt":{"rendered":"<p>Is\u0131tma i\u00e7in optimize edilmi\u015f VRV (VRVIII-C) K\u0131sa defrost s\u00fcresi Defrost (buz \u00e7\u00f6zme) i\u00e7in gereken s\u00fcre 4 dakikaya indirilmi\u015ftir, standart VRVIII sisteminin (10 dakika) yar\u0131s\u0131ndan azd\u0131r; Daha istikrarl\u0131 bir i\u00e7 s\u0131cakl\u0131k ve daha y\u00fcksek konfor seviyesi sa\u011flar. * Japonya&#8217;da 10 HP \u00fcniteyle saha testi verileri (Akita \u015eehri, Ocak 2006) D\u00fc\u015f\u00fck ortam s\u0131cakl\u0131klar\u0131nda y\u00fcksek COP \u0130ki a\u015famal\u0131&#8230;<\/p>","protected":false},"author":1,"featured_media":0,"parent":0,"menu_order":0,"comment_status":"closed","ping_status":"closed","template":"","meta":{"_monsterinsights_skip_tracking":false,"_monsterinsights_sitenote_active":false,"_monsterinsights_sitenote_note":"","_monsterinsights_sitenote_category":0,"_kad_post_transparent":"","_kad_post_title":"","_kad_post_layout":"","_kad_post_sidebar_id":"","_kad_post_content_style":"","_kad_post_vertical_padding":"","_kad_post_feature":"","_kad_post_feature_position":"","_kad_post_header":false,"_kad_post_footer":false,"_kad_post_classname":"","footnotes":""},"class_list":["post-1278","page","type-page","status-publish","hentry"],"_links":{"self":[{"href":"https:\/\/www.kureselmuhendislik.com\/en\/wp-json\/wp\/v2\/pages\/1278","targetHints":{"allow":["GET"]}}],"collection":[{"href":"https:\/\/www.kureselmuhendislik.com\/en\/wp-json\/wp\/v2\/pages"}],"about":[{"href":"https:\/\/www.kureselmuhendislik.com\/en\/wp-json\/wp\/v2\/types\/page"}],"author":[{"embeddable":true,"href":"https:\/\/www.kureselmuhendislik.com\/en\/wp-json\/wp\/v2\/users\/1"}],"replies":[{"embeddable":true,"href":"https:\/\/www.kureselmuhendislik.com\/en\/wp-json\/wp\/v2\/comments?post=1278"}],"version-history":[{"count":1,"href":"https:\/\/www.kureselmuhendislik.com\/en\/wp-json\/wp\/v2\/pages\/1278\/revisions"}],"predecessor-version":[{"id":1279,"href":"https:\/\/www.kureselmuhendislik.com\/en\/wp-json\/wp\/v2\/pages\/1278\/revisions\/1279"}],"wp:attachment":[{"href":"https:\/\/www.kureselmuhendislik.com\/en\/wp-json\/wp\/v2\/media?parent=1278"}],"curies":[{"name":"wp","href":"https:\/\/api.w.org\/{rel}","templated":true}]}}