{"id":1271,"date":"2018-12-05T22:25:31","date_gmt":"2018-12-05T19:25:31","guid":{"rendered":"http:\/\/www.kureselmuhendislik.com\/?page_id=1271"},"modified":"2018-12-05T22:25:31","modified_gmt":"2018-12-05T19:25:31","slug":"daikin-vrv-klima-sistemleri-2","status":"publish","type":"page","link":"https:\/\/www.kureselmuhendislik.com\/en\/daikin-vrv-klima-sistemleri-2\/","title":{"rendered":"Daikin VRV IV RYYQ-T HEAT PUMP"},"content":{"rendered":"<div id=\"pg-976-0\" class=\"panel-grid panel-no-style\">\n<div id=\"pgc-976-0-0\" class=\"panel-grid-cell\">\n<div id=\"panel-976-0-0-0\" class=\"so-panel widget widget_sow-editor panel-first-child\" data-index=\"0\">\n<div class=\"so-widget-sow-editor so-widget-sow-editor-base\">\n<h3 class=\"widget-title\"><span style=\"font-size: 18pt;\">Geli\u015fmi\u015f hava so\u011futmal\u0131 teknolojiler VRV IV<\/span><\/h3>\n<div class=\"siteorigin-widget-tinymce textwidget\">\n<p>VRV IV, VRV III\u2019\u00fcn bilinen t\u00fcm teknolojik \u00f6zelliklerine sahiptir ve \u00fczerine pazarda bir defa daha yeni bir standart belirleyecek olan \u00e7ok say\u0131da devrim niteli\u011finde teknoloji eklemi\u015ftir.<br \/>\nYeni VRV IV\u2019teki t\u00fcm teknolojiler \u00f6zel olarak Avrupa\u2019da Avrupa pazar\u0131 i\u00e7in geli\u015ftirilmi\u015ftir.<\/p>\n<\/div>\n<\/div>\n<\/div>\n<div id=\"panel-976-0-0-1\" class=\"so-panel widget widget_sow-editor panel-last-child\" data-index=\"1\">\n<div class=\"so-widget-sow-editor so-widget-sow-editor-base\">\n<h3 class=\"widget-title\"><span style=\"font-size: 18pt;\">VRV IV = VRV + 3 DEVR\u0130M N\u0130TEL\u0130\u011e\u0130NDE \u00d6ZELL\u0130K<\/span><\/h3>\n<div class=\"siteorigin-widget-tinymce textwidget\">\n<p>Yeni standart tam olarak nedir? VRV daima standard\u0131 belirler: ge\u00e7mi\u015fte ve bug\u00fcn oldu\u011fu gibi, gelecekte de standard\u0131 belirlemeye devam edecektir. VRV IV bug\u00fcnlerde bina sahipleri i\u00e7in sezonsal verimlilik, kullan\u0131c\u0131lar i\u00e7in i\u00e7 ortam konforu ve mont\u00f6rler i\u00e7in basit montaj a\u00e7\u0131s\u0131ndan yeni standartlar getirmektedir.<\/p>\n<\/div>\n<\/div>\n<\/div>\n<\/div>\n<div id=\"pgc-976-0-1\" class=\"panel-grid-cell\">\n<div id=\"panel-976-0-1-0\" class=\"so-panel widget widget_sow-editor panel-first-child panel-last-child\" data-index=\"2\">\n<div class=\"so-widget-sow-editor so-widget-sow-editor-base\">\n<div class=\"siteorigin-widget-tinymce textwidget\">\n<p><img fetchpriority=\"high\" decoding=\"async\" class=\"alignright  wp-image-957\" src=\"http:\/\/daikin-vrv.net\/wp-content\/uploads\/2017\/01\/vrv-%C4%B1v-ryyq-heat-pump.png\" sizes=\"(max-width: 500px) 100vw, 500px\" srcset=\"http:\/\/daikin-vrv.net\/wp-content\/uploads\/2017\/01\/vrv-\u0131v-ryyq-heat-pump.png 500w, http:\/\/daikin-vrv.net\/wp-content\/uploads\/2017\/01\/vrv-\u0131v-ryyq-heat-pump-300x180.png 300w\" alt=\"\" width=\"375\" height=\"225\" \/><\/p>\n<\/div>\n<\/div>\n<\/div>\n<\/div>\n<\/div>\n<div id=\"pg-976-1\" class=\"panel-grid panel-no-style\">\n<div id=\"pgc-976-1-0\" class=\"panel-grid-cell\">\n<div id=\"panel-976-1-0-0\" class=\"so-panel widget widget_sow-editor panel-first-child\" data-index=\"3\">\n<div class=\"so-widget-sow-editor so-widget-sow-editor-base\">\n<h3 class=\"widget-title\"><span style=\"font-size: 18pt;\">De\u011fi\u015fken so\u011futucu ak\u0131\u015fkan s\u0131cakl\u0131\u011f\u0131<\/span><\/h3>\n<div class=\"siteorigin-widget-tinymce textwidget\">\n<p>VRV\u2019nizi en iyi sezonsal verimlili\u011fe ve konfora g\u00f6re \u00f6zelle\u015ftirin: Devrim niteli\u011findeki de\u011fi\u015fken so\u011futucu ak\u0131\u015fkan s\u0131cakl\u0131\u011f\u0131 kontrol\u00fc, daha y\u00fcksek bir verimlilik ve konfor i\u00e7in sistemi otomatik olarak her bir bina ve iklim gereksinimine g\u00f6re uyarlar.<\/p>\n<\/div>\n<\/div>\n<\/div>\n<div id=\"panel-976-1-0-1\" class=\"so-panel widget widget_sow-editor\" data-index=\"4\">\n<div class=\"so-widget-sow-editor so-widget-sow-editor-base\">\n<h3 class=\"widget-title\"><span style=\"font-size: 18pt;\">VRV konfig\u00fcrasyon<\/span><\/h3>\n<div class=\"siteorigin-widget-tinymce textwidget\">\n<p>Devreye alma, yap\u0131land\u0131rma ve \u00f6zelle\u015ftirme i\u015flemlerini kolayla\u015ft\u0131ran yaz\u0131l\u0131m<\/p>\n<p>\u2022 Basit devreye alma: sistem ayarlar\u0131n\u0131n<br \/>\nyap\u0131land\u0131r\u0131lmas\u0131, devreye al\u0131nmas\u0131 ve<br \/>\ny\u00fcklenmesi i\u00e7in grafikli aray\u00fcz.<br \/>\n\u2022 Basit servis: temel i\u015flevlere h\u0131zl\u0131 ve kolay<br \/>\neri\u015fim ve hatalar\u0131n okunmas\u0131 i\u00e7in ilave<br \/>\n7 b\u00f6lgeli g\u00f6sterge<\/p>\n<\/div>\n<\/div>\n<\/div>\n<div id=\"panel-976-1-0-2\" class=\"so-panel widget widget_sow-editor panel-last-child\" data-index=\"5\">\n<div class=\"so-widget-sow-editor so-widget-sow-editor-base\">\n<h3 class=\"widget-title\"><span style=\"font-size: 18pt;\">Basit devreye alma<\/span><\/h3>\n<div class=\"siteorigin-widget-tinymce textwidget\">\n<p>VRV configurator, sistem yap\u0131land\u0131rma ve devreye alma \u00e7al\u0131\u015fmas\u0131n\u0131 kolayla\u015ft\u0131ran,<br \/>\ngeli\u015fmi\u015f bir yaz\u0131l\u0131m \u00e7\u00f6z\u00fcm\u00fcd\u00fcr.<br \/>\n\u2022 D\u0131\u015f \u00fcnitenin \u00e7at\u0131da yap\u0131land\u0131r\u0131lmas\u0131 daha k\u0131sa s\u00fcrer<br \/>\n\u2022 Farkl\u0131 sahalardaki birden fazla sistem tamamen ayn\u0131 \u015fekilde y\u00f6netilebilir ve b\u00f6ylece \u00f6nemli m\u00fc\u015fteriler i\u00e7in devreye alma \u00e7al\u0131\u015fmas\u0131 basitle\u015ftirilmi\u015f olur<br \/>\n\u2022 D\u0131\u015f \u00fcnitedeki ba\u015flang\u0131\u00e7 ayarlar\u0131 kolayca geri \u00e7a\u011fr\u0131labilir<\/p>\n<\/div>\n<\/div>\n<\/div>\n<\/div>\n<div id=\"pgc-976-1-1\" class=\"panel-grid-cell\">\n<div id=\"panel-976-1-1-0\" class=\"so-panel widget widget_sow-editor panel-first-child\" data-index=\"6\">\n<div class=\"so-widget-sow-editor so-widget-sow-editor-base\">\n<h3 class=\"widget-title\"><span style=\"font-size: 18pt;\">Heat pump ile s\u00fcrekli \u0131s\u0131tma<\/span><\/h3>\n<div class=\"siteorigin-widget-tinymce textwidget\">\n<p>Is\u0131tma konforunda yeni standart: Benzersiz s\u00fcrekli \u0131s\u0131tma teknolojisi, VRV IV\u2019\u00fc klasik \u0131s\u0131tma sistemlerine k\u0131yasla en iyi alternatif haline getirir.<\/p>\n<\/div>\n<\/div>\n<\/div>\n<div id=\"panel-976-1-1-1\" class=\"so-panel widget widget_sow-editor\" data-index=\"7\">\n<div class=\"so-widget-sow-editor so-widget-sow-editor-base\">\n<h3 class=\"widget-title\"><span style=\"font-size: 18pt;\">VRV KONF\u0130G\u00dcRASYON YAZILIMI<\/span><\/h3>\n<div class=\"siteorigin-widget-tinymce textwidget\">\n<p>\u2022 Daha k\u0131sa s\u00fcrede devreye alma<br \/>\n\u2022 Birden fazla sistemin tamamen ayn\u0131 \u015fekilde y\u00f6netilmesi<br \/>\n\u2022 Ba\u015flang\u0131\u00e7 sistem ayarlar\u0131n\u0131n geri \u00e7a\u011fr\u0131lmas\u0131<\/p>\n<p>Basit servis<\/p>\n<\/div>\n<\/div>\n<\/div>\n<div id=\"panel-976-1-1-2\" class=\"so-panel widget widget_sow-editor panel-last-child\" data-index=\"8\">\n<div class=\"so-widget-sow-editor so-widget-sow-editor-base\">\n<div class=\"siteorigin-widget-tinymce textwidget\">\n<p>D\u0131\u015f \u00fcnite ekran\u0131nda h\u0131zl\u0131 ve kolay \u015fekilde saha ayarlar\u0131 g\u00f6r\u00fcnt\u00fclenir, hatalar okunur ve ayr\u0131ca temel i\u015flevlerin kontrol\u00fc i\u00e7in servis parametreleri g\u00f6sterilir.<\/p>\n<p>7 b\u00f6lgeli g\u00f6sterge \u015fu \u00f6zellikleri sayesinde zamandan tasarruf sa\u011flar:<\/p>\n<p>\u2022 Kolay okunan hata raporu<br \/>\n\u2022 Temel i\u015flevlerin h\u0131zl\u0131 kontrol\u00fc i\u00e7in temel servis parametrelerinin g\u00f6sterilmesi<br \/>\n\u2022 H\u0131zl\u0131 ve kolay saha ayarlar\u0131n\u0131 g\u00f6steren anla\u015f\u0131l\u0131r men\u00fc<\/p>\n<p>&nbsp;<\/p>\n<\/div>\n<\/div>\n<\/div>\n<\/div>\n<\/div>\n<div id=\"pg-976-2\" class=\"panel-grid panel-no-style\">\n<div id=\"pgc-976-2-0\" class=\"panel-grid-cell\">\n<div id=\"panel-976-2-0-0\" class=\"so-panel widget widget_sow-editor panel-first-child panel-last-child\" data-index=\"9\">\n<div class=\"so-widget-sow-editor so-widget-sow-editor-base\">\n<h3 class=\"widget-title\"><span style=\"font-size: 14pt;\">GEN\u0130\u015e \u0130\u00c7 \u00dcN\u0130TE \u00dcR\u00dcN SER\u0130S\u0130: VRV \u0130LE \u015eIK \u0130\u00c7 \u00dcN\u0130TELER (DAIKIN EMURA, NEXURA, \u2026) B\u0130RL\u0130KTE KULLANILAB\u0130L\u0130R<\/span><\/h3>\n<div class=\"siteorigin-widget-tinymce textwidget\">\n<p><img decoding=\"async\" class=\"aligncenter wp-image-998 size-full\" src=\"http:\/\/daikin-vrv.net\/wp-content\/uploads\/2017\/01\/vrv-%C4%B1v-ryyq-heat-pump-%C3%B6zellikleri.png\" sizes=\"(max-width: 1159px) 100vw, 1159px\" srcset=\"http:\/\/daikin-vrv.net\/wp-content\/uploads\/2017\/01\/vrv-\u0131v-ryyq-heat-pump-\u00f6zellikleri.png 1159w, http:\/\/daikin-vrv.net\/wp-content\/uploads\/2017\/01\/vrv-\u0131v-ryyq-heat-pump-\u00f6zellikleri-300x84.png 300w, http:\/\/daikin-vrv.net\/wp-content\/uploads\/2017\/01\/vrv-\u0131v-ryyq-heat-pump-\u00f6zellikleri-768x215.png 768w, http:\/\/daikin-vrv.net\/wp-content\/uploads\/2017\/01\/vrv-\u0131v-ryyq-heat-pump-\u00f6zellikleri-1024x286.png 1024w\" width=\"1159\" height=\"324\" \/><\/p>\n<p><img decoding=\"async\" class=\"size-full wp-image-999 aligncenter\" src=\"http:\/\/daikin-vrv.net\/wp-content\/uploads\/2017\/01\/vrv-%C4%B1v-ryyq-heat-pump-%C3%B6zellikleri-1.png\" sizes=\"(max-width: 1180px) 100vw, 1180px\" srcset=\"http:\/\/daikin-vrv.net\/wp-content\/uploads\/2017\/01\/vrv-\u0131v-ryyq-heat-pump-\u00f6zellikleri-1.png 1180w, http:\/\/daikin-vrv.net\/wp-content\/uploads\/2017\/01\/vrv-\u0131v-ryyq-heat-pump-\u00f6zellikleri-1-300x97.png 300w, http:\/\/daikin-vrv.net\/wp-content\/uploads\/2017\/01\/vrv-\u0131v-ryyq-heat-pump-\u00f6zellikleri-1-768x249.png 768w, http:\/\/daikin-vrv.net\/wp-content\/uploads\/2017\/01\/vrv-\u0131v-ryyq-heat-pump-\u00f6zellikleri-1-1024x332.png 1024w\" alt=\"\" width=\"1180\" height=\"383\" \/><\/p>\n<\/div>\n<\/div>\n<\/div>\n<\/div>\n<\/div>\n<div id=\"pg-976-3\" class=\"panel-grid panel-no-style\">\n<div id=\"pgc-976-3-0\" class=\"panel-grid-cell\">\n<div id=\"panel-976-3-0-0\" class=\"so-panel widget widget_sow-editor panel-first-child panel-last-child\" data-index=\"10\">\n<div class=\"so-widget-sow-editor so-widget-sow-editor-base\">\n<h3 class=\"widget-title\"><span style=\"font-size: 18pt;\">ESNEK BORU TASARIMI<\/span><\/h3>\n<div class=\"siteorigin-widget-tinymce textwidget\">\n<p>VRV IV 165m (190m e\u015fde\u011fer boru uzunlu\u011fu) maksimum boru uzunlu\u011funa ve toplam 1.000m sistem boru uzunlu\u011funa sahiptir. Hydrobox\u2019lar, RA i\u00e7 \u00fcniteler veya klima santralleri ba\u011flan\u0131rsa, k\u0131s\u0131tlamalar s\u00f6z konusudur. D\u0131\u015f \u00fcnitenin i\u00e7 \u00fcnitelerden y\u00fcksekte veya al\u00e7akta olmas\u0131ndan ba\u011f\u0131ms\u0131z olarak, i\u00e7 ve d\u0131\u015f \u00fcniteler aras\u0131ndaki y\u00fckseklik fark\u0131 90m\u2019dir (not 1).\u00a0<strong>\u0130\u00e7 \u00fcniteler aras\u0131ndaki kot fark\u0131 30m\u2019ye kadar y\u00fckseltilmi\u015ftir.<\/strong><br \/>\nEn uzun boru uzunlu\u011funun maksimum 90m olmas\u0131 ko\u015fuluyla, ilk bran\u015fmandan sonra en uzun boru uzunlu\u011fu ile en k\u0131sa boru uzunlu\u011fu aras\u0131ndaki fark maksimum 40m olabilir.<\/p>\n<h4>Mevcut alan\u0131n daha iyi kullan\u0131m\u0131<\/h4>\n<p>K\u00fc\u00e7\u00fck so\u011futucu ak\u0131\u015fkan borular\u0131 \u015faftlarda ve tavanlarda daha az<br \/>\nyer kaplar ve alan\u0131n ticari kullan\u0131m\u0131 i\u00e7in maksimum yer b\u0131rak\u0131r.<\/p>\n<\/div>\n<\/div>\n<\/div>\n<\/div>\n<div id=\"pgc-976-3-1\" class=\"panel-grid-cell\">\n<div id=\"panel-976-3-1-0\" class=\"so-panel widget widget_sow-editor panel-first-child panel-last-child\" data-index=\"11\">\n<div class=\"so-widget-sow-editor so-widget-sow-editor-base\">\n<div class=\"siteorigin-widget-tinymce textwidget\">\n<p><img loading=\"lazy\" decoding=\"async\" class=\"aligncenter wp-image-1000\" src=\"http:\/\/daikin-vrv.net\/wp-content\/uploads\/2017\/01\/vrv-%C4%B1v-ryyq-heat-pump-%C3%B6zellikleri-2-269x300.png\" sizes=\"(max-width: 350px) 100vw, 350px\" srcset=\"http:\/\/daikin-vrv.net\/wp-content\/uploads\/2017\/01\/vrv-\u0131v-ryyq-heat-pump-\u00f6zellikleri-2-269x300.png 269w, http:\/\/daikin-vrv.net\/wp-content\/uploads\/2017\/01\/vrv-\u0131v-ryyq-heat-pump-\u00f6zellikleri-2.png 508w\" width=\"350\" height=\"390\" \/><\/p>\n<\/div>\n<\/div>\n<\/div>\n<\/div>\n<\/div>\n<div id=\"pg-976-4\" class=\"panel-grid panel-no-style\">\n<div id=\"pgc-976-4-0\" class=\"panel-grid-cell\">\n<div id=\"panel-976-4-0-0\" class=\"so-panel widget widget_sow-editor panel-first-child panel-last-child\" data-index=\"12\">\n<div class=\"so-widget-sow-editor so-widget-sow-editor-base\">\n<div class=\"siteorigin-widget-tinymce textwidget\">\n<p><img loading=\"lazy\" decoding=\"async\" class=\"size-full wp-image-1001 aligncenter\" src=\"http:\/\/daikin-vrv.net\/wp-content\/uploads\/2017\/01\/tablo-1.png\" sizes=\"(max-width: 1567px) 100vw, 1567px\" srcset=\"http:\/\/daikin-vrv.net\/wp-content\/uploads\/2017\/01\/tablo-1.png 1567w, http:\/\/daikin-vrv.net\/wp-content\/uploads\/2017\/01\/tablo-1-300x165.png 300w, http:\/\/daikin-vrv.net\/wp-content\/uploads\/2017\/01\/tablo-1-768x423.png 768w, http:\/\/daikin-vrv.net\/wp-content\/uploads\/2017\/01\/tablo-1-1024x564.png 1024w\" alt=\"\" width=\"1567\" height=\"863\" \/><\/p>\n<p><img loading=\"lazy\" decoding=\"async\" class=\"size-full wp-image-1002 aligncenter\" src=\"http:\/\/daikin-vrv.net\/wp-content\/uploads\/2017\/01\/tablo-2.png\" sizes=\"(max-width: 1562px) 100vw, 1562px\" srcset=\"http:\/\/daikin-vrv.net\/wp-content\/uploads\/2017\/01\/tablo-2.png 1562w, http:\/\/daikin-vrv.net\/wp-content\/uploads\/2017\/01\/tablo-2-300x133.png 300w, http:\/\/daikin-vrv.net\/wp-content\/uploads\/2017\/01\/tablo-2-768x341.png 768w, http:\/\/daikin-vrv.net\/wp-content\/uploads\/2017\/01\/tablo-2-1024x455.png 1024w\" alt=\"\" width=\"1562\" height=\"694\" \/><\/p>\n<p><img loading=\"lazy\" decoding=\"async\" class=\"size-full wp-image-997 aligncenter\" src=\"http:\/\/daikin-vrv.net\/wp-content\/uploads\/2017\/01\/tablo-3.png\" sizes=\"(max-width: 1567px) 100vw, 1567px\" srcset=\"http:\/\/daikin-vrv.net\/wp-content\/uploads\/2017\/01\/tablo-3.png 1567w, http:\/\/daikin-vrv.net\/wp-content\/uploads\/2017\/01\/tablo-3-300x134.png 300w, http:\/\/daikin-vrv.net\/wp-content\/uploads\/2017\/01\/tablo-3-768x342.png 768w, http:\/\/daikin-vrv.net\/wp-content\/uploads\/2017\/01\/tablo-3-1024x456.png 1024w, http:\/\/daikin-vrv.net\/wp-content\/uploads\/2017\/01\/tablo-3-604x270.png 604w\" alt=\"\" width=\"1567\" height=\"698\" \/><\/p>\n<h3><span style=\"font-size: 14pt;\">Daikin VRV Klima Sistemi \u0130\u00e7in\u00a0<strong>0232 250 50 07<\/strong>\u00a0nolu Numaradan Bize Ula\u015fabilirsiniz.<\/span><\/h3>\n<h3><span style=\"font-size: 18pt;\"><a href=\"mailto:kureselmekanik@gmail.com\">Daikin VRV Klima Detayl\u0131 Bilgi<\/a><\/span><\/h3>\n<\/div>\n<\/div>\n<\/div>\n<\/div>\n<\/div>","protected":false},"excerpt":{"rendered":"<p>Geli\u015fmi\u015f hava so\u011futmal\u0131 teknolojiler VRV IV VRV IV, VRV III\u2019\u00fcn bilinen t\u00fcm teknolojik \u00f6zelliklerine sahiptir ve \u00fczerine pazarda bir defa daha yeni bir standart belirleyecek olan \u00e7ok say\u0131da devrim niteli\u011finde teknoloji eklemi\u015ftir. Yeni VRV IV\u2019teki t\u00fcm teknolojiler \u00f6zel olarak Avrupa\u2019da Avrupa pazar\u0131 i\u00e7in geli\u015ftirilmi\u015ftir. VRV IV = VRV + 3 DEVR\u0130M N\u0130TEL\u0130\u011e\u0130NDE \u00d6ZELL\u0130K Yeni standart&#8230;<\/p>","protected":false},"author":1,"featured_media":0,"parent":0,"menu_order":0,"comment_status":"closed","ping_status":"closed","template":"","meta":{"_monsterinsights_skip_tracking":false,"_monsterinsights_sitenote_active":false,"_monsterinsights_sitenote_note":"","_monsterinsights_sitenote_category":0,"_kad_post_transparent":"","_kad_post_title":"","_kad_post_layout":"","_kad_post_sidebar_id":"","_kad_post_content_style":"","_kad_post_vertical_padding":"","_kad_post_feature":"","_kad_post_feature_position":"","_kad_post_header":false,"_kad_post_footer":false,"_kad_post_classname":"","footnotes":""},"class_list":["post-1271","page","type-page","status-publish","hentry"],"_links":{"self":[{"href":"https:\/\/www.kureselmuhendislik.com\/en\/wp-json\/wp\/v2\/pages\/1271","targetHints":{"allow":["GET"]}}],"collection":[{"href":"https:\/\/www.kureselmuhendislik.com\/en\/wp-json\/wp\/v2\/pages"}],"about":[{"href":"https:\/\/www.kureselmuhendislik.com\/en\/wp-json\/wp\/v2\/types\/page"}],"author":[{"embeddable":true,"href":"https:\/\/www.kureselmuhendislik.com\/en\/wp-json\/wp\/v2\/users\/1"}],"replies":[{"embeddable":true,"href":"https:\/\/www.kureselmuhendislik.com\/en\/wp-json\/wp\/v2\/comments?post=1271"}],"version-history":[{"count":1,"href":"https:\/\/www.kureselmuhendislik.com\/en\/wp-json\/wp\/v2\/pages\/1271\/revisions"}],"predecessor-version":[{"id":1272,"href":"https:\/\/www.kureselmuhendislik.com\/en\/wp-json\/wp\/v2\/pages\/1271\/revisions\/1272"}],"wp:attachment":[{"href":"https:\/\/www.kureselmuhendislik.com\/en\/wp-json\/wp\/v2\/media?parent=1271"}],"curies":[{"name":"wp","href":"https:\/\/api.w.org\/{rel}","templated":true}]}}